{"id":10364,"date":"2021-06-29T23:13:46","date_gmt":"2021-06-29T21:13:46","guid":{"rendered":"https:\/\/somllavors.com\/?post_type=product&#038;p=10364"},"modified":"2025-05-10T10:06:50","modified_gmt":"2025-05-10T08:06:50","slug":"dia-a-lescola-un","status":"publish","type":"product","link":"https:\/\/somllavors.com\/es\/producte\/dia-a-lescola-un","title":{"rendered":"Un dia a l&#8217;escola"},"content":{"rendered":"<p>Un llibre de cart\u00f3 de tretze dobles p\u00e0gines que mostra, a totes elles, un tall transversal d\u2019una escola. Dins de la cuina hi ha un rellotge que marca el pas de les hores: des de les 7 del mat\u00ed a les 7 de la tarda. Viu un dia sencer a l\u2019escola amb els nens i nenes d\u2019aquesta classe d\u2019infantil.<\/p>\n","protected":false},"excerpt":{"rendered":"<p>Qu\u00e8 hi passa a l&#8217;escola durant el dia? Viu un dia sencer a l&#8217;escola amb els infants d&#8217;aquesta classe d&#8217;infantil.<br \/>\nA les 7 del mat\u00ed l&#8217;escola est\u00e0 tancada. Encara no hi ha arribat ning\u00fa. A les 8, ja hi ha els primers nens i nenes, que llegeixen, juguen i passen l&#8217;estona. A les 9, les classes s\u00f3n a punt de comen\u00e7ar. A les 10, \u00e9s l&#8217;hora del conte,&#8230;<\/p>\n","protected":false},"featured_media":13447,"template":"","meta":{"_acf_changed":false,"site-sidebar-layout":"default","site-content-layout":"default","ast-site-content-layout":"default","site-content-style":"default","site-sidebar-style":"default","ast-global-header-display":"","ast-banner-title-visibility":"","ast-main-header-display":"","ast-hfb-above-header-display":"","ast-hfb-below-header-display":"","ast-hfb-mobile-header-display":"","site-post-title":"","ast-breadcrumbs-content":"","ast-featured-img":"","footer-sml-layout":"","ast-disable-related-posts":"","theme-transparent-header-meta":"default","adv-header-id-meta":"","stick-header-meta":"","header-above-stick-meta":"","header-main-stick-meta":"","header-below-stick-meta":"","astra-migrate-meta-layouts":"default","ast-page-background-enabled":"default","ast-page-background-meta":{"desktop":{"background-color":"","background-image":"","background-repeat":"repeat","background-position":"center center","background-size":"auto","background-attachment":"scroll","background-type":"","background-media":"","overlay-type":"","overlay-color":"","overlay-opacity":"","overlay-gradient":""},"tablet":{"background-color":"","background-image":"","background-repeat":"repeat","background-position":"center center","background-size":"auto","background-attachment":"scroll","background-type":"","background-media":"","overlay-type":"","overlay-color":"","overlay-opacity":"","overlay-gradient":""},"mobile":{"background-color":"","background-image":"","background-repeat":"repeat","background-position":"center center","background-size":"auto","background-attachment":"scroll","background-type":"","background-media":"","overlay-type":"","overlay-color":"","overlay-opacity":"","overlay-gradient":""}},"ast-content-background-meta":{"desktop":{"background-color":"var(--ast-global-color-5)","background-image":"","background-repeat":"repeat","background-position":"center center","background-size":"auto","background-attachment":"scroll","background-type":"","background-media":"","overlay-type":"","overlay-color":"","overlay-opacity":"","overlay-gradient":""},"tablet":{"background-color":"var(--ast-global-color-5)","background-image":"","background-repeat":"repeat","background-position":"center center","background-size":"auto","background-attachment":"scroll","background-type":"","background-media":"","overlay-type":"","overlay-color":"","overlay-opacity":"","overlay-gradient":""},"mobile":{"background-color":"var(--ast-global-color-5)","background-image":"","background-repeat":"repeat","background-position":"center center","background-size":"auto","background-attachment":"scroll","background-type":"","background-media":"","overlay-type":"","overlay-color":"","overlay-opacity":"","overlay-gradient":""}}},"pwb-brand":[],"product_brand":[],"product_cat":[4499,871,567],"product_tag":[988,989],"class_list":{"0":"post-10364","1":"product","2":"type-product","3":"status-publish","4":"has-post-thumbnail","6":"product_cat-10-e","7":"product_cat-contes-de-cartro","8":"product_cat-infantils","9":"product_tag-cruilla","10":"product_tag-escola","11":"desktop-align-left","12":"tablet-align-left","13":"mobile-align-left","15":"first","16":"outofstock","17":"taxable","18":"shipping-taxable","19":"purchasable","20":"product-type-simple"},"acf":[],"yoast_head":"<!-- This site is optimized with the Yoast SEO Premium plugin v18.3 (Yoast SEO v27.4) - https:\/\/yoast.com\/product\/yoast-seo-premium-wordpress\/ -->\n<title>Un dia a l&#039;escola &#8212; Som Llavors<\/title>\n<meta name=\"description\" content=\"Qu\u00e8 hi passa a l&#039;escola durant el dia? Viu un dia sencer a l&#039;escola amb els infants d&#039;aquesta classe d&#039;infantil. A les 7 del mat\u00ed l&#039;escola est\u00e0 tancada. Encara no hi ha arribat ning\u00fa. A les 8, ja hi ha els primers nens i nenes, que llegeixen, juguen i passen l&#039;estona. A les 9, les classes s\u00f3n a punt de comen\u00e7ar. A les 10, \u00e9s l&#039;hora del conte,...\" \/>\n<meta name=\"robots\" content=\"index, follow, max-snippet:-1, max-image-preview:large, max-video-preview:-1\" \/>\n<link rel=\"canonical\" href=\"https:\/\/somllavors.com\/es\/producte\/dia-a-lescola-un\" \/>\n<meta property=\"og:locale\" content=\"es_ES\" \/>\n<meta property=\"og:type\" content=\"article\" \/>\n<meta property=\"og:title\" content=\"Un dia a l&#039;escola\" \/>\n<meta property=\"og:description\" content=\"La teva botiga d\u2019ecocrian\u00e7a i espai d\u2019acompanyament a la maternitat\" \/>\n<meta property=\"og:url\" content=\"https:\/\/somllavors.com\/es\/producte\/dia-a-lescola-un\" \/>\n<meta property=\"og:site_name\" content=\"Som Llavors\" \/>\n<meta property=\"article:publisher\" content=\"https:\/\/www.facebook.com\/somllavorsvng\/?locale=ca_ES\" \/>\n<meta property=\"article:modified_time\" content=\"2025-05-10T08:06:50+00:00\" \/>\n<meta property=\"og:image\" content=\"https:\/\/somllavors.com\/wp-content\/uploads\/escola.jpeg\" \/>\n\t<meta property=\"og:image:width\" content=\"552\" \/>\n\t<meta property=\"og:image:height\" content=\"553\" \/>\n\t<meta property=\"og:image:type\" content=\"image\/jpeg\" \/>\n<meta name=\"twitter:card\" content=\"summary_large_image\" \/>\n<meta name=\"twitter:label1\" content=\"Precio\" \/>\n\t<meta name=\"twitter:data1\" content=\"5,95&euro; Iva incl\u00f2s\" \/>\n\t<meta name=\"twitter:label2\" content=\"Availability\" \/>\n\t<meta name=\"twitter:data2\" content=\"Out of stock\" \/>\n<script type=\"application\/ld+json\" class=\"yoast-schema-graph\">{\"@context\":\"https:\\\/\\\/schema.org\",\"@graph\":[{\"@type\":\"WebPage\",\"@id\":\"https:\\\/\\\/somllavors.com\\\/es\\\/producte\\\/dia-a-lescola-un\",\"url\":\"https:\\\/\\\/somllavors.com\\\/es\\\/producte\\\/dia-a-lescola-un\",\"name\":\"Un dia a l'escola &#8212; Som Llavors\",\"isPartOf\":{\"@id\":\"https:\\\/\\\/somllavors.com\\\/es#website\"},\"primaryImageOfPage\":{\"@id\":\"https:\\\/\\\/somllavors.com\\\/es\\\/producte\\\/dia-a-lescola-un#primaryimage\"},\"image\":{\"@id\":\"https:\\\/\\\/somllavors.com\\\/es\\\/producte\\\/dia-a-lescola-un#primaryimage\"},\"thumbnailUrl\":\"https:\\\/\\\/somllavors.com\\\/wp-content\\\/uploads\\\/escola.jpeg\",\"datePublished\":\"2021-06-29T21:13:46+00:00\",\"dateModified\":\"2025-05-10T08:06:50+00:00\",\"description\":\"Qu\u00e8 hi passa a l'escola durant el dia? Viu un dia sencer a l'escola amb els infants d'aquesta classe d'infantil. A les 7 del mat\u00ed l'escola est\u00e0 tancada. Encara no hi ha arribat ning\u00fa. A les 8, ja hi ha els primers nens i nenes, que llegeixen, juguen i passen l'estona. A les 9, les classes s\u00f3n a punt de comen\u00e7ar. A les 10, \u00e9s l'hora del conte,...\",\"breadcrumb\":{\"@id\":\"https:\\\/\\\/somllavors.com\\\/es\\\/producte\\\/dia-a-lescola-un#breadcrumb\"},\"inLanguage\":\"es\",\"potentialAction\":[{\"@type\":\"ReadAction\",\"target\":[\"https:\\\/\\\/somllavors.com\\\/es\\\/producte\\\/dia-a-lescola-un\"]}]},{\"@type\":\"ImageObject\",\"inLanguage\":\"es\",\"@id\":\"https:\\\/\\\/somllavors.com\\\/es\\\/producte\\\/dia-a-lescola-un#primaryimage\",\"url\":\"https:\\\/\\\/somllavors.com\\\/wp-content\\\/uploads\\\/escola.jpeg\",\"contentUrl\":\"https:\\\/\\\/somllavors.com\\\/wp-content\\\/uploads\\\/escola.jpeg\",\"width\":552,\"height\":553,\"caption\":\"Un dia a l'escola\"},{\"@type\":\"BreadcrumbList\",\"@id\":\"https:\\\/\\\/somllavors.com\\\/es\\\/producte\\\/dia-a-lescola-un#breadcrumb\",\"itemListElement\":[{\"@type\":\"ListItem\",\"position\":1,\"name\":\"Inici\",\"item\":\"https:\\\/\\\/somllavors.com\\\/es\"},{\"@type\":\"ListItem\",\"position\":2,\"name\":\"Tienda\",\"item\":\"https:\\\/\\\/somllavors.com\\\/es\\\/botiga-2\"},{\"@type\":\"ListItem\",\"position\":3,\"name\":\"Un dia a l&#8217;escola\"}]},{\"@type\":\"WebSite\",\"@id\":\"https:\\\/\\\/somllavors.com\\\/es#website\",\"url\":\"https:\\\/\\\/somllavors.com\\\/es\",\"name\":\"Som Llavors\",\"description\":\"Botiga de crian\u00e7a natural\",\"publisher\":{\"@id\":\"https:\\\/\\\/somllavors.com\\\/es#organization\"},\"alternateName\":\"Crian\u00e7a Natural i Sostenible\",\"potentialAction\":[{\"@type\":\"SearchAction\",\"target\":{\"@type\":\"EntryPoint\",\"urlTemplate\":\"https:\\\/\\\/somllavors.com\\\/es?s={search_term_string}\"},\"query-input\":{\"@type\":\"PropertyValueSpecification\",\"valueRequired\":true,\"valueName\":\"search_term_string\"}}],\"inLanguage\":\"es\"},{\"@type\":[\"Organization\",\"Place\",\"Store\"],\"@id\":\"https:\\\/\\\/somllavors.com\\\/es#organization\",\"name\":\"Som Llavors\",\"alternateName\":\"Crian\u00e7a Natural i Sostenible\",\"url\":\"https:\\\/\\\/somllavors.com\\\/es\",\"logo\":{\"@id\":\"https:\\\/\\\/somllavors.com\\\/es\\\/producte\\\/dia-a-lescola-un#local-main-organization-logo\"},\"image\":{\"@id\":\"https:\\\/\\\/somllavors.com\\\/es\\\/producte\\\/dia-a-lescola-un#local-main-organization-logo\"},\"sameAs\":[\"https:\\\/\\\/www.facebook.com\\\/somllavorsvng\\\/?locale=ca_ES\",\"https:\\\/\\\/www.instagram.com\\\/somllavors_vng\\\/\",\"https:\\\/\\\/www.youtube.com\\\/@somllavors\"],\"address\":{\"@id\":\"https:\\\/\\\/somllavors.com\\\/es\\\/producte\\\/dia-a-lescola-un#local-main-place-address\"},\"geo\":{\"@type\":\"GeoCoordinates\",\"latitude\":\"41.2257737\",\"longitude\":\"1.723258859\"},\"telephone\":[\"623152704\"],\"openingHoursSpecification\":[{\"@type\":\"OpeningHoursSpecification\",\"dayOfWeek\":[\"Monday\",\"Sunday\"],\"opens\":\"00:00\",\"closes\":\"00:00\"},{\"@type\":\"OpeningHoursSpecification\",\"dayOfWeek\":[\"Tuesday\",\"Wednesday\",\"Thursday\",\"Friday\"],\"opens\":\"10:00\",\"closes\":\"20:00\"},{\"@type\":\"OpeningHoursSpecification\",\"dayOfWeek\":[\"Saturday\"],\"opens\":\"10:00\",\"closes\":\"13:30\"}],\"email\":\"info@somllavors.com\"},{\"@type\":\"PostalAddress\",\"@id\":\"https:\\\/\\\/somllavors.com\\\/es\\\/producte\\\/dia-a-lescola-un#local-main-place-address\",\"streetAddress\":\"Carrer de l'aigua, 6\",\"addressLocality\":\"Vilanova i la Geltr\u00fa\",\"postalCode\":\"08800\",\"addressRegion\":\"Barcelona\",\"addressCountry\":\"ES\"},{\"@type\":\"ImageObject\",\"inLanguage\":\"es\",\"@id\":\"https:\\\/\\\/somllavors.com\\\/es\\\/producte\\\/dia-a-lescola-un#local-main-organization-logo\",\"url\":\"https:\\\/\\\/somllavors.com\\\/wp-content\\\/uploads\\\/Logotip-Som-Llavors.jpg\",\"contentUrl\":\"https:\\\/\\\/somllavors.com\\\/wp-content\\\/uploads\\\/Logotip-Som-Llavors.jpg\",\"width\":1444,\"height\":1323,\"caption\":\"Som Llavors\"}]}<\/script>\n<meta property=\"product:price:amount\" content=\"5.95\" \/>\n<meta property=\"product:price:currency\" content=\"EUR\" \/>\n<meta property=\"og:availability\" content=\"out of stock\" \/>\n<meta property=\"product:availability\" content=\"out of stock\" \/>\n<meta property=\"product:retailer_item_id\" content=\"9788466138598\" \/>\n<meta property=\"product:condition\" content=\"new\" \/>\n<meta name=\"geo.placename\" content=\"Vilanova i la Geltr\u00fa\" \/>\n<meta name=\"geo.position\" content=\"41.2257737;1.723258859\" \/>\n<meta name=\"geo.region\" content=\"Espa\u00f1a\" \/>\n<!-- \/ Yoast SEO Premium plugin. -->","yoast_head_json":{"title":"Un dia a l'escola &#8212; Som Llavors","description":"Qu\u00e8 hi passa a l'escola durant el dia? Viu un dia sencer a l'escola amb els infants d'aquesta classe d'infantil. A les 7 del mat\u00ed l'escola est\u00e0 tancada. Encara no hi ha arribat ning\u00fa. A les 8, ja hi ha els primers nens i nenes, que llegeixen, juguen i passen l'estona. A les 9, les classes s\u00f3n a punt de comen\u00e7ar. A les 10, \u00e9s l'hora del conte,...","robots":{"index":"index","follow":"follow","max-snippet":"max-snippet:-1","max-image-preview":"max-image-preview:large","max-video-preview":"max-video-preview:-1"},"canonical":"https:\/\/somllavors.com\/es\/producte\/dia-a-lescola-un","og_locale":"es_ES","og_type":"article","og_title":"Un dia a l'escola","og_description":"La teva botiga d\u2019ecocrian\u00e7a i espai d\u2019acompanyament a la maternitat","og_url":"https:\/\/somllavors.com\/es\/producte\/dia-a-lescola-un","og_site_name":"Som Llavors","article_publisher":"https:\/\/www.facebook.com\/somllavorsvng\/?locale=ca_ES","article_modified_time":"2025-05-10T08:06:50+00:00","og_image":[{"width":552,"height":553,"url":"https:\/\/somllavors.com\/wp-content\/uploads\/escola.jpeg","type":"image\/jpeg"}],"twitter_card":"summary_large_image","twitter_misc":{"Precio":"5,95&euro; Iva incl\u00f2s","Availability":"Out of stock"},"schema":{"@context":"https:\/\/schema.org","@graph":[{"@type":"WebPage","@id":"https:\/\/somllavors.com\/es\/producte\/dia-a-lescola-un","url":"https:\/\/somllavors.com\/es\/producte\/dia-a-lescola-un","name":"Un dia a l'escola &#8212; Som Llavors","isPartOf":{"@id":"https:\/\/somllavors.com\/es#website"},"primaryImageOfPage":{"@id":"https:\/\/somllavors.com\/es\/producte\/dia-a-lescola-un#primaryimage"},"image":{"@id":"https:\/\/somllavors.com\/es\/producte\/dia-a-lescola-un#primaryimage"},"thumbnailUrl":"https:\/\/somllavors.com\/wp-content\/uploads\/escola.jpeg","datePublished":"2021-06-29T21:13:46+00:00","dateModified":"2025-05-10T08:06:50+00:00","description":"Qu\u00e8 hi passa a l'escola durant el dia? Viu un dia sencer a l'escola amb els infants d'aquesta classe d'infantil. A les 7 del mat\u00ed l'escola est\u00e0 tancada. Encara no hi ha arribat ning\u00fa. A les 8, ja hi ha els primers nens i nenes, que llegeixen, juguen i passen l'estona. A les 9, les classes s\u00f3n a punt de comen\u00e7ar. A les 10, \u00e9s l'hora del conte,...","breadcrumb":{"@id":"https:\/\/somllavors.com\/es\/producte\/dia-a-lescola-un#breadcrumb"},"inLanguage":"es","potentialAction":[{"@type":"ReadAction","target":["https:\/\/somllavors.com\/es\/producte\/dia-a-lescola-un"]}]},{"@type":"ImageObject","inLanguage":"es","@id":"https:\/\/somllavors.com\/es\/producte\/dia-a-lescola-un#primaryimage","url":"https:\/\/somllavors.com\/wp-content\/uploads\/escola.jpeg","contentUrl":"https:\/\/somllavors.com\/wp-content\/uploads\/escola.jpeg","width":552,"height":553,"caption":"Un dia a l'escola"},{"@type":"BreadcrumbList","@id":"https:\/\/somllavors.com\/es\/producte\/dia-a-lescola-un#breadcrumb","itemListElement":[{"@type":"ListItem","position":1,"name":"Inici","item":"https:\/\/somllavors.com\/es"},{"@type":"ListItem","position":2,"name":"Tienda","item":"https:\/\/somllavors.com\/es\/botiga-2"},{"@type":"ListItem","position":3,"name":"Un dia a l&#8217;escola"}]},{"@type":"WebSite","@id":"https:\/\/somllavors.com\/es#website","url":"https:\/\/somllavors.com\/es","name":"Som Llavors","description":"Botiga de crian\u00e7a natural","publisher":{"@id":"https:\/\/somllavors.com\/es#organization"},"alternateName":"Crian\u00e7a Natural i Sostenible","potentialAction":[{"@type":"SearchAction","target":{"@type":"EntryPoint","urlTemplate":"https:\/\/somllavors.com\/es?s={search_term_string}"},"query-input":{"@type":"PropertyValueSpecification","valueRequired":true,"valueName":"search_term_string"}}],"inLanguage":"es"},{"@type":["Organization","Place","Store"],"@id":"https:\/\/somllavors.com\/es#organization","name":"Som Llavors","alternateName":"Crian\u00e7a Natural i Sostenible","url":"https:\/\/somllavors.com\/es","logo":{"@id":"https:\/\/somllavors.com\/es\/producte\/dia-a-lescola-un#local-main-organization-logo"},"image":{"@id":"https:\/\/somllavors.com\/es\/producte\/dia-a-lescola-un#local-main-organization-logo"},"sameAs":["https:\/\/www.facebook.com\/somllavorsvng\/?locale=ca_ES","https:\/\/www.instagram.com\/somllavors_vng\/","https:\/\/www.youtube.com\/@somllavors"],"address":{"@id":"https:\/\/somllavors.com\/es\/producte\/dia-a-lescola-un#local-main-place-address"},"geo":{"@type":"GeoCoordinates","latitude":"41.2257737","longitude":"1.723258859"},"telephone":["623152704","623152704"],"openingHoursSpecification":[{"@type":"OpeningHoursSpecification","dayOfWeek":["Monday","Sunday"],"opens":"00:00","closes":"00:00"},{"@type":"OpeningHoursSpecification","dayOfWeek":["Tuesday","Wednesday","Thursday","Friday"],"opens":"10:00","closes":"20:00"},{"@type":"OpeningHoursSpecification","dayOfWeek":["Saturday"],"opens":"10:00","closes":"13:30"}],"email":"info@somllavors.com"},{"@type":"PostalAddress","@id":"https:\/\/somllavors.com\/es\/producte\/dia-a-lescola-un#local-main-place-address","streetAddress":"Carrer de l'aigua, 6","addressLocality":"Vilanova i la Geltr\u00fa","postalCode":"08800","addressRegion":"Barcelona","addressCountry":"ES"},{"@type":"ImageObject","inLanguage":"es","@id":"https:\/\/somllavors.com\/es\/producte\/dia-a-lescola-un#local-main-organization-logo","url":"https:\/\/somllavors.com\/wp-content\/uploads\/Logotip-Som-Llavors.jpg","contentUrl":"https:\/\/somllavors.com\/wp-content\/uploads\/Logotip-Som-Llavors.jpg","width":1444,"height":1323,"caption":"Som Llavors"}]},"product_price_amount":"5.95","product_price_currency":"EUR","og_availability":"out of stock","product_availability":"out of stock","product_retailer_item_id":"9788466138598","product_condition":"new","geo.placename":"Vilanova i la Geltr\u00fa","geo.position":{"lat":"41.2257737","long":"1.723258859"},"geo.region":"Espa\u00f1a"},"brands":[],"_links":{"self":[{"href":"https:\/\/somllavors.com\/es\/wp-json\/wp\/v2\/product\/10364","targetHints":{"allow":["GET"]}}],"collection":[{"href":"https:\/\/somllavors.com\/es\/wp-json\/wp\/v2\/product"}],"about":[{"href":"https:\/\/somllavors.com\/es\/wp-json\/wp\/v2\/types\/product"}],"wp:featuredmedia":[{"embeddable":true,"href":"https:\/\/somllavors.com\/es\/wp-json\/wp\/v2\/media\/13447"}],"wp:attachment":[{"href":"https:\/\/somllavors.com\/es\/wp-json\/wp\/v2\/media?parent=10364"}],"wp:term":[{"taxonomy":"pwb-brand","embeddable":true,"href":"https:\/\/somllavors.com\/es\/wp-json\/wp\/v2\/pwb-brand?post=10364"},{"taxonomy":"product_brand","embeddable":true,"href":"https:\/\/somllavors.com\/es\/wp-json\/wp\/v2\/product_brand?post=10364"},{"taxonomy":"product_cat","embeddable":true,"href":"https:\/\/somllavors.com\/es\/wp-json\/wp\/v2\/product_cat?post=10364"},{"taxonomy":"product_tag","embeddable":true,"href":"https:\/\/somllavors.com\/es\/wp-json\/wp\/v2\/product_tag?post=10364"}],"curies":[{"name":"wp","href":"https:\/\/api.w.org\/{rel}","templated":true}]}}