{"id":17587,"date":"2022-04-11T16:36:04","date_gmt":"2022-04-11T14:36:04","guid":{"rendered":"https:\/\/somllavors.com\/?post_type=product&#038;p=17587"},"modified":"2022-12-22T19:53:06","modified_gmt":"2022-12-22T18:53:06","slug":"la-balena-es-banya","status":"publish","type":"product","link":"https:\/\/somllavors.com\/es\/producte\/la-balena-es-banya","title":{"rendered":"La balena es banya"},"content":{"rendered":"<p>Susanne Stra\u00dfer ens ofereix una nova entrega de la col\u00b7lecci\u00f3 &#8220;Millor amb amics&#8221;, seguint el patr\u00f3 de conte acumulatiu que tant agrada als infants d&#8217;aquestes edats, amb un tra\u00e7 en l\u00ednia clara i colors vius. Un conte tan divertit com els altres. Les seves onomatopeies i el seu text r\u00edtmic el fan encara m\u00e9s divertit al llegir-ho en veu alta.<\/p>\n","protected":false},"excerpt":{"rendered":"<p>La balena s&#8217;est\u00e0 banyant. Fant\u00e0stic! A la porta del bany apareix la tortuga. &#8216;Que em puc ficar a la banyera?&#8217; XIP-XAP! Ja \u00e9s dins l&#8217;aigua&#8230; Qui m\u00e9s vindr\u00e0? Una divertida hist\u00f2ria de bany per als infants m\u00e9s petits.<\/p>\n","protected":false},"featured_media":18616,"template":"","meta":{"_acf_changed":false,"site-sidebar-layout":"default","site-content-layout":"default","ast-site-content-layout":"default","site-content-style":"default","site-sidebar-style":"default","ast-global-header-display":"","ast-banner-title-visibility":"","ast-main-header-display":"","ast-hfb-above-header-display":"","ast-hfb-below-header-display":"","ast-hfb-mobile-header-display":"","site-post-title":"","ast-breadcrumbs-content":"","ast-featured-img":"","footer-sml-layout":"","ast-disable-related-posts":"","theme-transparent-header-meta":"default","adv-header-id-meta":"","stick-header-meta":"","header-above-stick-meta":"","header-main-stick-meta":"","header-below-stick-meta":"","astra-migrate-meta-layouts":"default","ast-page-background-enabled":"default","ast-page-background-meta":{"desktop":{"background-color":"","background-image":"","background-repeat":"repeat","background-position":"center center","background-size":"auto","background-attachment":"scroll","background-type":"","background-media":"","overlay-type":"","overlay-color":"","overlay-opacity":"","overlay-gradient":""},"tablet":{"background-color":"","background-image":"","background-repeat":"repeat","background-position":"center center","background-size":"auto","background-attachment":"scroll","background-type":"","background-media":"","overlay-type":"","overlay-color":"","overlay-opacity":"","overlay-gradient":""},"mobile":{"background-color":"","background-image":"","background-repeat":"repeat","background-position":"center center","background-size":"auto","background-attachment":"scroll","background-type":"","background-media":"","overlay-type":"","overlay-color":"","overlay-opacity":"","overlay-gradient":""}},"ast-content-background-meta":{"desktop":{"background-color":"var(--ast-global-color-5)","background-image":"","background-repeat":"repeat","background-position":"center center","background-size":"auto","background-attachment":"scroll","background-type":"","background-media":"","overlay-type":"","overlay-color":"","overlay-opacity":"","overlay-gradient":""},"tablet":{"background-color":"var(--ast-global-color-5)","background-image":"","background-repeat":"repeat","background-position":"center center","background-size":"auto","background-attachment":"scroll","background-type":"","background-media":"","overlay-type":"","overlay-color":"","overlay-opacity":"","overlay-gradient":""},"mobile":{"background-color":"var(--ast-global-color-5)","background-image":"","background-repeat":"repeat","background-position":"center center","background-size":"auto","background-attachment":"scroll","background-type":"","background-media":"","overlay-type":"","overlay-color":"","overlay-opacity":"","overlay-gradient":""}}},"pwb-brand":[],"product_brand":[],"product_cat":[871,567],"product_tag":[741,1176,1908],"class_list":{"0":"post-17587","1":"product","2":"type-product","3":"status-publish","4":"has-post-thumbnail","6":"product_cat-contes-de-cartro","7":"product_cat-infantils","8":"product_tag-conte","9":"product_tag-joventut","10":"product_tag-millor-amb-amics","11":"desktop-align-left","12":"tablet-align-left","13":"mobile-align-left","15":"first","16":"outofstock","17":"taxable","18":"shipping-taxable","19":"purchasable","20":"product-type-simple"},"acf":[],"yoast_head":"<!-- This site is optimized with the Yoast SEO Premium plugin v18.3 (Yoast SEO v27.4) - https:\/\/yoast.com\/product\/yoast-seo-premium-wordpress\/ -->\n<title>La balena es banya &#8212; Som Llavors<\/title>\n<meta name=\"description\" content=\"La balena s&#039;est\u00e0 banyant. Fant\u00e0stic! A la porta del bany apareix la tortuga. &#039;Que em puc ficar a la banyera?&#039; XIP-XAP! Ja \u00e9s dins l&#039;aigua... Qui m\u00e9s vindr\u00e0? Una divertida hist\u00f2ria de bany per als infants m\u00e9s petits.\" \/>\n<meta name=\"robots\" content=\"index, follow, max-snippet:-1, max-image-preview:large, max-video-preview:-1\" \/>\n<link rel=\"canonical\" href=\"https:\/\/somllavors.com\/es\/producte\/la-balena-es-banya\" \/>\n<meta property=\"og:locale\" content=\"es_ES\" \/>\n<meta property=\"og:type\" content=\"article\" \/>\n<meta property=\"og:title\" content=\"La balena es banya\" \/>\n<meta property=\"og:description\" content=\"La teva botiga d\u2019ecocrian\u00e7a i espai d\u2019acompanyament a la maternitat\" \/>\n<meta property=\"og:url\" content=\"https:\/\/somllavors.com\/es\/producte\/la-balena-es-banya\" \/>\n<meta property=\"og:site_name\" content=\"Som Llavors\" \/>\n<meta property=\"article:publisher\" content=\"https:\/\/www.facebook.com\/somllavorsvng\/?locale=ca_ES\" \/>\n<meta property=\"article:modified_time\" content=\"2022-12-22T18:53:06+00:00\" \/>\n<meta property=\"og:image\" content=\"https:\/\/somllavors.com\/wp-content\/uploads\/LA-BALENA-ES-BANYA-.jpeg\" \/>\n\t<meta property=\"og:image:width\" content=\"552\" \/>\n\t<meta property=\"og:image:height\" content=\"552\" \/>\n\t<meta property=\"og:image:type\" content=\"image\/jpeg\" \/>\n<meta name=\"twitter:card\" content=\"summary_large_image\" \/>\n<meta name=\"twitter:label1\" content=\"Precio\" \/>\n\t<meta name=\"twitter:data1\" content=\"16,00&euro; Iva incl\u00f2s\" \/>\n\t<meta name=\"twitter:label2\" content=\"Availability\" \/>\n\t<meta name=\"twitter:data2\" content=\"Out of stock\" \/>\n<script type=\"application\/ld+json\" class=\"yoast-schema-graph\">{\"@context\":\"https:\\\/\\\/schema.org\",\"@graph\":[{\"@type\":\"WebPage\",\"@id\":\"https:\\\/\\\/somllavors.com\\\/es\\\/producte\\\/la-balena-es-banya\",\"url\":\"https:\\\/\\\/somllavors.com\\\/es\\\/producte\\\/la-balena-es-banya\",\"name\":\"La balena es banya &#8212; Som Llavors\",\"isPartOf\":{\"@id\":\"https:\\\/\\\/somllavors.com\\\/es#website\"},\"primaryImageOfPage\":{\"@id\":\"https:\\\/\\\/somllavors.com\\\/es\\\/producte\\\/la-balena-es-banya#primaryimage\"},\"image\":{\"@id\":\"https:\\\/\\\/somllavors.com\\\/es\\\/producte\\\/la-balena-es-banya#primaryimage\"},\"thumbnailUrl\":\"https:\\\/\\\/somllavors.com\\\/wp-content\\\/uploads\\\/LA-BALENA-ES-BANYA-.jpeg\",\"datePublished\":\"2022-04-11T14:36:04+00:00\",\"dateModified\":\"2022-12-22T18:53:06+00:00\",\"description\":\"La balena s'est\u00e0 banyant. Fant\u00e0stic! A la porta del bany apareix la tortuga. 'Que em puc ficar a la banyera?' XIP-XAP! Ja \u00e9s dins l'aigua... Qui m\u00e9s vindr\u00e0? Una divertida hist\u00f2ria de bany per als infants m\u00e9s petits.\",\"breadcrumb\":{\"@id\":\"https:\\\/\\\/somllavors.com\\\/es\\\/producte\\\/la-balena-es-banya#breadcrumb\"},\"inLanguage\":\"es\",\"potentialAction\":[{\"@type\":\"ReadAction\",\"target\":[\"https:\\\/\\\/somllavors.com\\\/es\\\/producte\\\/la-balena-es-banya\"]}]},{\"@type\":\"ImageObject\",\"inLanguage\":\"es\",\"@id\":\"https:\\\/\\\/somllavors.com\\\/es\\\/producte\\\/la-balena-es-banya#primaryimage\",\"url\":\"https:\\\/\\\/somllavors.com\\\/wp-content\\\/uploads\\\/LA-BALENA-ES-BANYA-.jpeg\",\"contentUrl\":\"https:\\\/\\\/somllavors.com\\\/wp-content\\\/uploads\\\/LA-BALENA-ES-BANYA-.jpeg\",\"width\":552,\"height\":552,\"caption\":\"La balena s'est\u00e0 banyant. Fant\u00e0stic! A la porta del bany apareix la tortuga. 'Que em puc ficar a la banyera?' XIP-XAP! Ja \u00e9s dins l'aigua... Qui m\u00e9s vindr\u00e0? Una divertida hist\u00f2ria de bany per als m\u00e9s petits. Susanne Stra\u00dfer ens ofereix una nova entrega de la col\u00b7lecci\u00f3 'Millor amb amics', seguint el patr\u00f3 de conte acumulatiu que tant agrada als nens d'aquestes edats, amb un tra\u00e7 en l\u00ednia clara (monotip) i colors vius. En aquest cas, se situa a la cambra de bany, on la balena est\u00e0 feli\u00e7 dins la banyera fins que \u00e9s interrompuda una vegada i una altra per altres animals que tamb\u00e9 volen banyar-se. Arriba la tortuga, el castor, el flamenc, l'os polar... i l'expressi\u00f3 facial de la balena va canviant a cada p\u00e0gina, provocant en el lector cada vegada m\u00e9s suspens pel que passar\u00e0 al final... Un conte tan divertit com els anteriors. Les seves onomatopeies i el seu text r\u00edtmic el fan encara m\u00e9s divertit al llegir-ho en veu alta.\"},{\"@type\":\"BreadcrumbList\",\"@id\":\"https:\\\/\\\/somllavors.com\\\/es\\\/producte\\\/la-balena-es-banya#breadcrumb\",\"itemListElement\":[{\"@type\":\"ListItem\",\"position\":1,\"name\":\"Inici\",\"item\":\"https:\\\/\\\/somllavors.com\\\/es\"},{\"@type\":\"ListItem\",\"position\":2,\"name\":\"Tienda\",\"item\":\"https:\\\/\\\/somllavors.com\\\/es\\\/botiga-2\"},{\"@type\":\"ListItem\",\"position\":3,\"name\":\"La balena es banya\"}]},{\"@type\":\"WebSite\",\"@id\":\"https:\\\/\\\/somllavors.com\\\/es#website\",\"url\":\"https:\\\/\\\/somllavors.com\\\/es\",\"name\":\"Som Llavors\",\"description\":\"Botiga de crian\u00e7a natural\",\"publisher\":{\"@id\":\"https:\\\/\\\/somllavors.com\\\/es#organization\"},\"alternateName\":\"Crian\u00e7a Natural i Sostenible\",\"potentialAction\":[{\"@type\":\"SearchAction\",\"target\":{\"@type\":\"EntryPoint\",\"urlTemplate\":\"https:\\\/\\\/somllavors.com\\\/es?s={search_term_string}\"},\"query-input\":{\"@type\":\"PropertyValueSpecification\",\"valueRequired\":true,\"valueName\":\"search_term_string\"}}],\"inLanguage\":\"es\"},{\"@type\":[\"Organization\",\"Place\",\"Store\"],\"@id\":\"https:\\\/\\\/somllavors.com\\\/es#organization\",\"name\":\"Som Llavors\",\"alternateName\":\"Crian\u00e7a Natural i Sostenible\",\"url\":\"https:\\\/\\\/somllavors.com\\\/es\",\"logo\":{\"@id\":\"https:\\\/\\\/somllavors.com\\\/es\\\/producte\\\/la-balena-es-banya#local-main-organization-logo\"},\"image\":{\"@id\":\"https:\\\/\\\/somllavors.com\\\/es\\\/producte\\\/la-balena-es-banya#local-main-organization-logo\"},\"sameAs\":[\"https:\\\/\\\/www.facebook.com\\\/somllavorsvng\\\/?locale=ca_ES\",\"https:\\\/\\\/www.instagram.com\\\/somllavors_vng\\\/\",\"https:\\\/\\\/www.youtube.com\\\/@somllavors\"],\"address\":{\"@id\":\"https:\\\/\\\/somllavors.com\\\/es\\\/producte\\\/la-balena-es-banya#local-main-place-address\"},\"geo\":{\"@type\":\"GeoCoordinates\",\"latitude\":\"41.2257737\",\"longitude\":\"1.723258859\"},\"telephone\":[\"623152704\"],\"openingHoursSpecification\":[{\"@type\":\"OpeningHoursSpecification\",\"dayOfWeek\":[\"Monday\",\"Sunday\"],\"opens\":\"00:00\",\"closes\":\"00:00\"},{\"@type\":\"OpeningHoursSpecification\",\"dayOfWeek\":[\"Tuesday\",\"Wednesday\",\"Thursday\",\"Friday\"],\"opens\":\"10:00\",\"closes\":\"20:00\"},{\"@type\":\"OpeningHoursSpecification\",\"dayOfWeek\":[\"Saturday\"],\"opens\":\"10:00\",\"closes\":\"13:30\"}],\"email\":\"info@somllavors.com\"},{\"@type\":\"PostalAddress\",\"@id\":\"https:\\\/\\\/somllavors.com\\\/es\\\/producte\\\/la-balena-es-banya#local-main-place-address\",\"streetAddress\":\"Carrer de l'aigua, 6\",\"addressLocality\":\"Vilanova i la Geltr\u00fa\",\"postalCode\":\"08800\",\"addressRegion\":\"Barcelona\",\"addressCountry\":\"ES\"},{\"@type\":\"ImageObject\",\"inLanguage\":\"es\",\"@id\":\"https:\\\/\\\/somllavors.com\\\/es\\\/producte\\\/la-balena-es-banya#local-main-organization-logo\",\"url\":\"https:\\\/\\\/somllavors.com\\\/wp-content\\\/uploads\\\/Logotip-Som-Llavors.jpg\",\"contentUrl\":\"https:\\\/\\\/somllavors.com\\\/wp-content\\\/uploads\\\/Logotip-Som-Llavors.jpg\",\"width\":1444,\"height\":1323,\"caption\":\"Som Llavors\"}]}<\/script>\n<meta property=\"product:price:amount\" content=\"16.00\" \/>\n<meta property=\"product:price:currency\" content=\"EUR\" \/>\n<meta property=\"og:availability\" content=\"out of stock\" \/>\n<meta property=\"product:availability\" content=\"out of stock\" \/>\n<meta property=\"product:retailer_item_id\" content=\"9788426145789\" \/>\n<meta property=\"product:condition\" content=\"new\" \/>\n<meta name=\"geo.placename\" content=\"Vilanova i la Geltr\u00fa\" \/>\n<meta name=\"geo.position\" content=\"41.2257737;1.723258859\" \/>\n<meta name=\"geo.region\" content=\"Espa\u00f1a\" \/>\n<!-- \/ Yoast SEO Premium plugin. -->","yoast_head_json":{"title":"La balena es banya &#8212; Som Llavors","description":"La balena s'est\u00e0 banyant. Fant\u00e0stic! A la porta del bany apareix la tortuga. 'Que em puc ficar a la banyera?' XIP-XAP! Ja \u00e9s dins l'aigua... Qui m\u00e9s vindr\u00e0? Una divertida hist\u00f2ria de bany per als infants m\u00e9s petits.","robots":{"index":"index","follow":"follow","max-snippet":"max-snippet:-1","max-image-preview":"max-image-preview:large","max-video-preview":"max-video-preview:-1"},"canonical":"https:\/\/somllavors.com\/es\/producte\/la-balena-es-banya","og_locale":"es_ES","og_type":"article","og_title":"La balena es banya","og_description":"La teva botiga d\u2019ecocrian\u00e7a i espai d\u2019acompanyament a la maternitat","og_url":"https:\/\/somllavors.com\/es\/producte\/la-balena-es-banya","og_site_name":"Som Llavors","article_publisher":"https:\/\/www.facebook.com\/somllavorsvng\/?locale=ca_ES","article_modified_time":"2022-12-22T18:53:06+00:00","og_image":[{"width":552,"height":552,"url":"https:\/\/somllavors.com\/wp-content\/uploads\/LA-BALENA-ES-BANYA-.jpeg","type":"image\/jpeg"}],"twitter_card":"summary_large_image","twitter_misc":{"Precio":"16,00&euro; Iva incl\u00f2s","Availability":"Out of stock"},"schema":{"@context":"https:\/\/schema.org","@graph":[{"@type":"WebPage","@id":"https:\/\/somllavors.com\/es\/producte\/la-balena-es-banya","url":"https:\/\/somllavors.com\/es\/producte\/la-balena-es-banya","name":"La balena es banya &#8212; Som Llavors","isPartOf":{"@id":"https:\/\/somllavors.com\/es#website"},"primaryImageOfPage":{"@id":"https:\/\/somllavors.com\/es\/producte\/la-balena-es-banya#primaryimage"},"image":{"@id":"https:\/\/somllavors.com\/es\/producte\/la-balena-es-banya#primaryimage"},"thumbnailUrl":"https:\/\/somllavors.com\/wp-content\/uploads\/LA-BALENA-ES-BANYA-.jpeg","datePublished":"2022-04-11T14:36:04+00:00","dateModified":"2022-12-22T18:53:06+00:00","description":"La balena s'est\u00e0 banyant. Fant\u00e0stic! A la porta del bany apareix la tortuga. 'Que em puc ficar a la banyera?' XIP-XAP! Ja \u00e9s dins l'aigua... Qui m\u00e9s vindr\u00e0? Una divertida hist\u00f2ria de bany per als infants m\u00e9s petits.","breadcrumb":{"@id":"https:\/\/somllavors.com\/es\/producte\/la-balena-es-banya#breadcrumb"},"inLanguage":"es","potentialAction":[{"@type":"ReadAction","target":["https:\/\/somllavors.com\/es\/producte\/la-balena-es-banya"]}]},{"@type":"ImageObject","inLanguage":"es","@id":"https:\/\/somllavors.com\/es\/producte\/la-balena-es-banya#primaryimage","url":"https:\/\/somllavors.com\/wp-content\/uploads\/LA-BALENA-ES-BANYA-.jpeg","contentUrl":"https:\/\/somllavors.com\/wp-content\/uploads\/LA-BALENA-ES-BANYA-.jpeg","width":552,"height":552,"caption":"La balena s'est\u00e0 banyant. Fant\u00e0stic! A la porta del bany apareix la tortuga. 'Que em puc ficar a la banyera?' XIP-XAP! Ja \u00e9s dins l'aigua... Qui m\u00e9s vindr\u00e0? Una divertida hist\u00f2ria de bany per als m\u00e9s petits. Susanne Stra\u00dfer ens ofereix una nova entrega de la col\u00b7lecci\u00f3 'Millor amb amics', seguint el patr\u00f3 de conte acumulatiu que tant agrada als nens d'aquestes edats, amb un tra\u00e7 en l\u00ednia clara (monotip) i colors vius. En aquest cas, se situa a la cambra de bany, on la balena est\u00e0 feli\u00e7 dins la banyera fins que \u00e9s interrompuda una vegada i una altra per altres animals que tamb\u00e9 volen banyar-se. Arriba la tortuga, el castor, el flamenc, l'os polar... i l'expressi\u00f3 facial de la balena va canviant a cada p\u00e0gina, provocant en el lector cada vegada m\u00e9s suspens pel que passar\u00e0 al final... Un conte tan divertit com els anteriors. Les seves onomatopeies i el seu text r\u00edtmic el fan encara m\u00e9s divertit al llegir-ho en veu alta."},{"@type":"BreadcrumbList","@id":"https:\/\/somllavors.com\/es\/producte\/la-balena-es-banya#breadcrumb","itemListElement":[{"@type":"ListItem","position":1,"name":"Inici","item":"https:\/\/somllavors.com\/es"},{"@type":"ListItem","position":2,"name":"Tienda","item":"https:\/\/somllavors.com\/es\/botiga-2"},{"@type":"ListItem","position":3,"name":"La balena es banya"}]},{"@type":"WebSite","@id":"https:\/\/somllavors.com\/es#website","url":"https:\/\/somllavors.com\/es","name":"Som Llavors","description":"Botiga de crian\u00e7a natural","publisher":{"@id":"https:\/\/somllavors.com\/es#organization"},"alternateName":"Crian\u00e7a Natural i Sostenible","potentialAction":[{"@type":"SearchAction","target":{"@type":"EntryPoint","urlTemplate":"https:\/\/somllavors.com\/es?s={search_term_string}"},"query-input":{"@type":"PropertyValueSpecification","valueRequired":true,"valueName":"search_term_string"}}],"inLanguage":"es"},{"@type":["Organization","Place","Store"],"@id":"https:\/\/somllavors.com\/es#organization","name":"Som Llavors","alternateName":"Crian\u00e7a Natural i Sostenible","url":"https:\/\/somllavors.com\/es","logo":{"@id":"https:\/\/somllavors.com\/es\/producte\/la-balena-es-banya#local-main-organization-logo"},"image":{"@id":"https:\/\/somllavors.com\/es\/producte\/la-balena-es-banya#local-main-organization-logo"},"sameAs":["https:\/\/www.facebook.com\/somllavorsvng\/?locale=ca_ES","https:\/\/www.instagram.com\/somllavors_vng\/","https:\/\/www.youtube.com\/@somllavors"],"address":{"@id":"https:\/\/somllavors.com\/es\/producte\/la-balena-es-banya#local-main-place-address"},"geo":{"@type":"GeoCoordinates","latitude":"41.2257737","longitude":"1.723258859"},"telephone":["623152704","623152704"],"openingHoursSpecification":[{"@type":"OpeningHoursSpecification","dayOfWeek":["Monday","Sunday"],"opens":"00:00","closes":"00:00"},{"@type":"OpeningHoursSpecification","dayOfWeek":["Tuesday","Wednesday","Thursday","Friday"],"opens":"10:00","closes":"20:00"},{"@type":"OpeningHoursSpecification","dayOfWeek":["Saturday"],"opens":"10:00","closes":"13:30"}],"email":"info@somllavors.com"},{"@type":"PostalAddress","@id":"https:\/\/somllavors.com\/es\/producte\/la-balena-es-banya#local-main-place-address","streetAddress":"Carrer de l'aigua, 6","addressLocality":"Vilanova i la Geltr\u00fa","postalCode":"08800","addressRegion":"Barcelona","addressCountry":"ES"},{"@type":"ImageObject","inLanguage":"es","@id":"https:\/\/somllavors.com\/es\/producte\/la-balena-es-banya#local-main-organization-logo","url":"https:\/\/somllavors.com\/wp-content\/uploads\/Logotip-Som-Llavors.jpg","contentUrl":"https:\/\/somllavors.com\/wp-content\/uploads\/Logotip-Som-Llavors.jpg","width":1444,"height":1323,"caption":"Som Llavors"}]},"product_price_amount":"16.00","product_price_currency":"EUR","og_availability":"out of stock","product_availability":"out of stock","product_retailer_item_id":"9788426145789","product_condition":"new","geo.placename":"Vilanova i la Geltr\u00fa","geo.position":{"lat":"41.2257737","long":"1.723258859"},"geo.region":"Espa\u00f1a"},"brands":[],"_links":{"self":[{"href":"https:\/\/somllavors.com\/es\/wp-json\/wp\/v2\/product\/17587","targetHints":{"allow":["GET"]}}],"collection":[{"href":"https:\/\/somllavors.com\/es\/wp-json\/wp\/v2\/product"}],"about":[{"href":"https:\/\/somllavors.com\/es\/wp-json\/wp\/v2\/types\/product"}],"wp:featuredmedia":[{"embeddable":true,"href":"https:\/\/somllavors.com\/es\/wp-json\/wp\/v2\/media\/18616"}],"wp:attachment":[{"href":"https:\/\/somllavors.com\/es\/wp-json\/wp\/v2\/media?parent=17587"}],"wp:term":[{"taxonomy":"pwb-brand","embeddable":true,"href":"https:\/\/somllavors.com\/es\/wp-json\/wp\/v2\/pwb-brand?post=17587"},{"taxonomy":"product_brand","embeddable":true,"href":"https:\/\/somllavors.com\/es\/wp-json\/wp\/v2\/product_brand?post=17587"},{"taxonomy":"product_cat","embeddable":true,"href":"https:\/\/somllavors.com\/es\/wp-json\/wp\/v2\/product_cat?post=17587"},{"taxonomy":"product_tag","embeddable":true,"href":"https:\/\/somllavors.com\/es\/wp-json\/wp\/v2\/product_tag?post=17587"}],"curies":[{"name":"wp","href":"https:\/\/api.w.org\/{rel}","templated":true}]}}