{"id":59411,"date":"2024-05-21T12:54:48","date_gmt":"2024-05-21T10:54:48","guid":{"rendered":"https:\/\/somllavors.com\/?post_type=product&#038;p=59411"},"modified":"2025-04-09T18:11:49","modified_gmt":"2025-04-09T16:11:49","slug":"cor-dividit","status":"publish","type":"product","link":"https:\/\/somllavors.com\/es\/producte\/cor-dividit","title":{"rendered":"Cor dividit"},"content":{"rendered":"","protected":false},"excerpt":{"rendered":"<p>La Berta t\u00e9 el COR DIVIDIT. La separaci\u00f3 del seu pare i la seva mare el porta a sentir emocions desconegudes, i reaccionar a la recerca d&#8217;estrat\u00e8gies per acceptar la seva nova situaci\u00f3.<\/p>\n<ul>\n<li>Cada cop hi ha m\u00e9s casos de fam\u00edlies separades. El patiment i el desconcert dels infants \u00e9s inimaginable.<\/li>\n<li>A trav\u00e9s de les reflexions de la Berta donem veu a aquests sentiments disfressats d&#8217;innoc\u00e8ncia.<\/li>\n<li>Si mai has tingut el COR DIVIDIT, t&#8217;agradar endinsar-te en aquest sensible conte.<\/li>\n<\/ul>\n","protected":false},"featured_media":59448,"template":"","meta":{"_acf_changed":false,"site-sidebar-layout":"default","site-content-layout":"","ast-site-content-layout":"default","site-content-style":"default","site-sidebar-style":"default","ast-global-header-display":"","ast-banner-title-visibility":"","ast-main-header-display":"","ast-hfb-above-header-display":"","ast-hfb-below-header-display":"","ast-hfb-mobile-header-display":"","site-post-title":"","ast-breadcrumbs-content":"","ast-featured-img":"","footer-sml-layout":"","ast-disable-related-posts":"","theme-transparent-header-meta":"default","adv-header-id-meta":"","stick-header-meta":"","header-above-stick-meta":"","header-main-stick-meta":"","header-below-stick-meta":"","astra-migrate-meta-layouts":"set","ast-page-background-enabled":"default","ast-page-background-meta":{"desktop":{"background-color":"","background-image":"","background-repeat":"repeat","background-position":"center center","background-size":"auto","background-attachment":"scroll","background-type":"","background-media":"","overlay-type":"","overlay-color":"","overlay-opacity":"","overlay-gradient":""},"tablet":{"background-color":"","background-image":"","background-repeat":"repeat","background-position":"center center","background-size":"auto","background-attachment":"scroll","background-type":"","background-media":"","overlay-type":"","overlay-color":"","overlay-opacity":"","overlay-gradient":""},"mobile":{"background-color":"","background-image":"","background-repeat":"repeat","background-position":"center center","background-size":"auto","background-attachment":"scroll","background-type":"","background-media":"","overlay-type":"","overlay-color":"","overlay-opacity":"","overlay-gradient":""}},"ast-content-background-meta":{"desktop":{"background-color":"var(--ast-global-color-5)","background-image":"","background-repeat":"repeat","background-position":"center center","background-size":"auto","background-attachment":"scroll","background-type":"","background-media":"","overlay-type":"","overlay-color":"","overlay-opacity":"","overlay-gradient":""},"tablet":{"background-color":"var(--ast-global-color-5)","background-image":"","background-repeat":"repeat","background-position":"center center","background-size":"auto","background-attachment":"scroll","background-type":"","background-media":"","overlay-type":"","overlay-color":"","overlay-opacity":"","overlay-gradient":""},"mobile":{"background-color":"var(--ast-global-color-5)","background-image":"","background-repeat":"repeat","background-position":"center center","background-size":"auto","background-attachment":"scroll","background-type":"","background-media":"","overlay-type":"","overlay-color":"","overlay-opacity":"","overlay-gradient":""}}},"pwb-brand":[],"product_brand":[],"product_cat":[567],"product_tag":[4785,4786],"class_list":{"0":"post-59411","1":"product","2":"type-product","3":"status-publish","4":"has-post-thumbnail","6":"product_cat-infantils","7":"product_tag-cor-dividit","8":"product_tag-excellence-editorial","9":"desktop-align-left","10":"tablet-align-left","11":"mobile-align-left","13":"first","14":"instock","15":"taxable","16":"shipping-taxable","17":"purchasable","18":"product-type-simple"},"acf":[],"yoast_head":"<!-- This site is optimized with the Yoast SEO Premium plugin v18.3 (Yoast SEO v27.4) - https:\/\/yoast.com\/product\/yoast-seo-premium-wordpress\/ -->\n<title>Cor dividit &#8212; Som Llavors<\/title>\n<meta name=\"description\" content=\"La Berta t\u00e9 el COR DIVIDIT. La separaci\u00f3 del seu pare i la seva mare el porta a sentir emocions desconegudes, i reaccionar a la recerca d&#039;estrat\u00e8gies per acceptar la seva nova situaci\u00f3.   Cada cop hi ha m\u00e9s casos de fam\u00edlies separades. El patiment i el desconcert dels infants \u00e9s inimaginable.  A trav\u00e9s de les reflexions de la Berta donem veu a aquests sentiments disfressats d&#039;innoc\u00e8ncia.  Si mai has tingut el COR DIVIDIT, t&#039;agradar endinsar-te en aquest sensible conte.\" \/>\n<meta name=\"robots\" content=\"index, follow, max-snippet:-1, max-image-preview:large, max-video-preview:-1\" \/>\n<link rel=\"canonical\" href=\"https:\/\/somllavors.com\/es\/producte\/cor-dividit\" \/>\n<meta property=\"og:locale\" content=\"es_ES\" \/>\n<meta property=\"og:type\" content=\"article\" \/>\n<meta property=\"og:title\" content=\"Cor dividit\" \/>\n<meta property=\"og:description\" content=\"La teva botiga d\u2019ecocrian\u00e7a i espai d\u2019acompanyament a la maternitat\" \/>\n<meta property=\"og:url\" content=\"https:\/\/somllavors.com\/es\/producte\/cor-dividit\" \/>\n<meta property=\"og:site_name\" content=\"Som Llavors\" \/>\n<meta property=\"article:publisher\" content=\"https:\/\/www.facebook.com\/somllavorsvng\/?locale=ca_ES\" \/>\n<meta property=\"article:modified_time\" content=\"2025-04-09T16:11:49+00:00\" \/>\n<meta property=\"og:image\" content=\"https:\/\/somllavors.com\/wp-content\/uploads\/2024\/05\/9788412611021.jpg\" \/>\n\t<meta property=\"og:image:width\" content=\"200\" \/>\n\t<meta property=\"og:image:height\" content=\"200\" \/>\n\t<meta property=\"og:image:type\" content=\"image\/jpeg\" \/>\n<meta name=\"twitter:card\" content=\"summary_large_image\" \/>\n<meta name=\"twitter:label1\" content=\"Precio\" \/>\n\t<meta name=\"twitter:data1\" content=\"15,00&euro; Iva incl\u00f2s\" \/>\n\t<meta name=\"twitter:label2\" content=\"Availability\" \/>\n\t<meta name=\"twitter:data2\" content=\"Hay existencias\" \/>\n<script type=\"application\/ld+json\" class=\"yoast-schema-graph\">{\"@context\":\"https:\\\/\\\/schema.org\",\"@graph\":[{\"@type\":\"WebPage\",\"@id\":\"https:\\\/\\\/somllavors.com\\\/es\\\/producte\\\/cor-dividit\",\"url\":\"https:\\\/\\\/somllavors.com\\\/es\\\/producte\\\/cor-dividit\",\"name\":\"Cor dividit &#8212; Som Llavors\",\"isPartOf\":{\"@id\":\"https:\\\/\\\/somllavors.com\\\/es#website\"},\"primaryImageOfPage\":{\"@id\":\"https:\\\/\\\/somllavors.com\\\/es\\\/producte\\\/cor-dividit#primaryimage\"},\"image\":{\"@id\":\"https:\\\/\\\/somllavors.com\\\/es\\\/producte\\\/cor-dividit#primaryimage\"},\"thumbnailUrl\":\"https:\\\/\\\/somllavors.com\\\/wp-content\\\/uploads\\\/2024\\\/05\\\/9788412611021.jpg\",\"datePublished\":\"2024-05-21T10:54:48+00:00\",\"dateModified\":\"2025-04-09T16:11:49+00:00\",\"description\":\"La Berta t\u00e9 el COR DIVIDIT. La separaci\u00f3 del seu pare i la seva mare el porta a sentir emocions desconegudes, i reaccionar a la recerca d'estrat\u00e8gies per acceptar la seva nova situaci\u00f3. Cada cop hi ha m\u00e9s casos de fam\u00edlies separades. El patiment i el desconcert dels infants \u00e9s inimaginable. A trav\u00e9s de les reflexions de la Berta donem veu a aquests sentiments disfressats d'innoc\u00e8ncia. Si mai has tingut el COR DIVIDIT, t'agradar endinsar-te en aquest sensible conte.\",\"breadcrumb\":{\"@id\":\"https:\\\/\\\/somllavors.com\\\/es\\\/producte\\\/cor-dividit#breadcrumb\"},\"inLanguage\":\"es\",\"potentialAction\":[{\"@type\":\"ReadAction\",\"target\":[\"https:\\\/\\\/somllavors.com\\\/es\\\/producte\\\/cor-dividit\"]}]},{\"@type\":\"ImageObject\",\"inLanguage\":\"es\",\"@id\":\"https:\\\/\\\/somllavors.com\\\/es\\\/producte\\\/cor-dividit#primaryimage\",\"url\":\"https:\\\/\\\/somllavors.com\\\/wp-content\\\/uploads\\\/2024\\\/05\\\/9788412611021.jpg\",\"contentUrl\":\"https:\\\/\\\/somllavors.com\\\/wp-content\\\/uploads\\\/2024\\\/05\\\/9788412611021.jpg\",\"width\":200,\"height\":200,\"caption\":\"Cor dividit\"},{\"@type\":\"BreadcrumbList\",\"@id\":\"https:\\\/\\\/somllavors.com\\\/es\\\/producte\\\/cor-dividit#breadcrumb\",\"itemListElement\":[{\"@type\":\"ListItem\",\"position\":1,\"name\":\"Inici\",\"item\":\"https:\\\/\\\/somllavors.com\\\/es\"},{\"@type\":\"ListItem\",\"position\":2,\"name\":\"Tienda\",\"item\":\"https:\\\/\\\/somllavors.com\\\/es\\\/botiga-2\"},{\"@type\":\"ListItem\",\"position\":3,\"name\":\"Cor dividit\"}]},{\"@type\":\"WebSite\",\"@id\":\"https:\\\/\\\/somllavors.com\\\/es#website\",\"url\":\"https:\\\/\\\/somllavors.com\\\/es\",\"name\":\"Som Llavors\",\"description\":\"Botiga de crian\u00e7a natural\",\"publisher\":{\"@id\":\"https:\\\/\\\/somllavors.com\\\/es#organization\"},\"alternateName\":\"Crian\u00e7a Natural i Sostenible\",\"potentialAction\":[{\"@type\":\"SearchAction\",\"target\":{\"@type\":\"EntryPoint\",\"urlTemplate\":\"https:\\\/\\\/somllavors.com\\\/es?s={search_term_string}\"},\"query-input\":{\"@type\":\"PropertyValueSpecification\",\"valueRequired\":true,\"valueName\":\"search_term_string\"}}],\"inLanguage\":\"es\"},{\"@type\":[\"Organization\",\"Place\",\"Store\"],\"@id\":\"https:\\\/\\\/somllavors.com\\\/es#organization\",\"name\":\"Som Llavors\",\"alternateName\":\"Crian\u00e7a Natural i Sostenible\",\"url\":\"https:\\\/\\\/somllavors.com\\\/es\",\"logo\":{\"@id\":\"https:\\\/\\\/somllavors.com\\\/es\\\/producte\\\/cor-dividit#local-main-organization-logo\"},\"image\":{\"@id\":\"https:\\\/\\\/somllavors.com\\\/es\\\/producte\\\/cor-dividit#local-main-organization-logo\"},\"sameAs\":[\"https:\\\/\\\/www.facebook.com\\\/somllavorsvng\\\/?locale=ca_ES\",\"https:\\\/\\\/www.instagram.com\\\/somllavors_vng\\\/\",\"https:\\\/\\\/www.youtube.com\\\/@somllavors\"],\"address\":{\"@id\":\"https:\\\/\\\/somllavors.com\\\/es\\\/producte\\\/cor-dividit#local-main-place-address\"},\"geo\":{\"@type\":\"GeoCoordinates\",\"latitude\":\"41.2257737\",\"longitude\":\"1.723258859\"},\"telephone\":[\"623152704\"],\"openingHoursSpecification\":[{\"@type\":\"OpeningHoursSpecification\",\"dayOfWeek\":[\"Monday\",\"Sunday\"],\"opens\":\"00:00\",\"closes\":\"00:00\"},{\"@type\":\"OpeningHoursSpecification\",\"dayOfWeek\":[\"Tuesday\",\"Wednesday\",\"Thursday\",\"Friday\"],\"opens\":\"10:00\",\"closes\":\"20:00\"},{\"@type\":\"OpeningHoursSpecification\",\"dayOfWeek\":[\"Saturday\"],\"opens\":\"10:00\",\"closes\":\"13:30\"}],\"email\":\"info@somllavors.com\"},{\"@type\":\"PostalAddress\",\"@id\":\"https:\\\/\\\/somllavors.com\\\/es\\\/producte\\\/cor-dividit#local-main-place-address\",\"streetAddress\":\"Carrer de l'aigua, 6\",\"addressLocality\":\"Vilanova i la Geltr\u00fa\",\"postalCode\":\"08800\",\"addressRegion\":\"Barcelona\",\"addressCountry\":\"ES\"},{\"@type\":\"ImageObject\",\"inLanguage\":\"es\",\"@id\":\"https:\\\/\\\/somllavors.com\\\/es\\\/producte\\\/cor-dividit#local-main-organization-logo\",\"url\":\"https:\\\/\\\/somllavors.com\\\/wp-content\\\/uploads\\\/Logotip-Som-Llavors.jpg\",\"contentUrl\":\"https:\\\/\\\/somllavors.com\\\/wp-content\\\/uploads\\\/Logotip-Som-Llavors.jpg\",\"width\":1444,\"height\":1323,\"caption\":\"Som Llavors\"}]}<\/script>\n<meta property=\"product:price:amount\" content=\"15.00\" \/>\n<meta property=\"product:price:currency\" content=\"EUR\" \/>\n<meta property=\"og:availability\" content=\"instock\" \/>\n<meta property=\"product:availability\" content=\"instock\" \/>\n<meta property=\"product:retailer_item_id\" content=\"9788412611021\" \/>\n<meta property=\"product:condition\" content=\"new\" \/>\n<meta name=\"geo.placename\" content=\"Vilanova i la Geltr\u00fa\" \/>\n<meta name=\"geo.position\" content=\"41.2257737;1.723258859\" \/>\n<meta name=\"geo.region\" content=\"Espa\u00f1a\" \/>\n<!-- \/ Yoast SEO Premium plugin. -->","yoast_head_json":{"title":"Cor dividit &#8212; Som Llavors","description":"La Berta t\u00e9 el COR DIVIDIT. La separaci\u00f3 del seu pare i la seva mare el porta a sentir emocions desconegudes, i reaccionar a la recerca d'estrat\u00e8gies per acceptar la seva nova situaci\u00f3.   Cada cop hi ha m\u00e9s casos de fam\u00edlies separades. El patiment i el desconcert dels infants \u00e9s inimaginable.  A trav\u00e9s de les reflexions de la Berta donem veu a aquests sentiments disfressats d'innoc\u00e8ncia.  Si mai has tingut el COR DIVIDIT, t'agradar endinsar-te en aquest sensible conte.","robots":{"index":"index","follow":"follow","max-snippet":"max-snippet:-1","max-image-preview":"max-image-preview:large","max-video-preview":"max-video-preview:-1"},"canonical":"https:\/\/somllavors.com\/es\/producte\/cor-dividit","og_locale":"es_ES","og_type":"article","og_title":"Cor dividit","og_description":"La teva botiga d\u2019ecocrian\u00e7a i espai d\u2019acompanyament a la maternitat","og_url":"https:\/\/somllavors.com\/es\/producte\/cor-dividit","og_site_name":"Som Llavors","article_publisher":"https:\/\/www.facebook.com\/somllavorsvng\/?locale=ca_ES","article_modified_time":"2025-04-09T16:11:49+00:00","og_image":[{"width":200,"height":200,"url":"https:\/\/somllavors.com\/wp-content\/uploads\/2024\/05\/9788412611021.jpg","type":"image\/jpeg"}],"twitter_card":"summary_large_image","twitter_misc":{"Precio":"15,00&euro; Iva incl\u00f2s","Availability":"Hay existencias"},"schema":{"@context":"https:\/\/schema.org","@graph":[{"@type":"WebPage","@id":"https:\/\/somllavors.com\/es\/producte\/cor-dividit","url":"https:\/\/somllavors.com\/es\/producte\/cor-dividit","name":"Cor dividit &#8212; Som Llavors","isPartOf":{"@id":"https:\/\/somllavors.com\/es#website"},"primaryImageOfPage":{"@id":"https:\/\/somllavors.com\/es\/producte\/cor-dividit#primaryimage"},"image":{"@id":"https:\/\/somllavors.com\/es\/producte\/cor-dividit#primaryimage"},"thumbnailUrl":"https:\/\/somllavors.com\/wp-content\/uploads\/2024\/05\/9788412611021.jpg","datePublished":"2024-05-21T10:54:48+00:00","dateModified":"2025-04-09T16:11:49+00:00","description":"La Berta t\u00e9 el COR DIVIDIT. La separaci\u00f3 del seu pare i la seva mare el porta a sentir emocions desconegudes, i reaccionar a la recerca d'estrat\u00e8gies per acceptar la seva nova situaci\u00f3. Cada cop hi ha m\u00e9s casos de fam\u00edlies separades. El patiment i el desconcert dels infants \u00e9s inimaginable. A trav\u00e9s de les reflexions de la Berta donem veu a aquests sentiments disfressats d'innoc\u00e8ncia. Si mai has tingut el COR DIVIDIT, t'agradar endinsar-te en aquest sensible conte.","breadcrumb":{"@id":"https:\/\/somllavors.com\/es\/producte\/cor-dividit#breadcrumb"},"inLanguage":"es","potentialAction":[{"@type":"ReadAction","target":["https:\/\/somllavors.com\/es\/producte\/cor-dividit"]}]},{"@type":"ImageObject","inLanguage":"es","@id":"https:\/\/somllavors.com\/es\/producte\/cor-dividit#primaryimage","url":"https:\/\/somllavors.com\/wp-content\/uploads\/2024\/05\/9788412611021.jpg","contentUrl":"https:\/\/somllavors.com\/wp-content\/uploads\/2024\/05\/9788412611021.jpg","width":200,"height":200,"caption":"Cor dividit"},{"@type":"BreadcrumbList","@id":"https:\/\/somllavors.com\/es\/producte\/cor-dividit#breadcrumb","itemListElement":[{"@type":"ListItem","position":1,"name":"Inici","item":"https:\/\/somllavors.com\/es"},{"@type":"ListItem","position":2,"name":"Tienda","item":"https:\/\/somllavors.com\/es\/botiga-2"},{"@type":"ListItem","position":3,"name":"Cor dividit"}]},{"@type":"WebSite","@id":"https:\/\/somllavors.com\/es#website","url":"https:\/\/somllavors.com\/es","name":"Som Llavors","description":"Botiga de crian\u00e7a natural","publisher":{"@id":"https:\/\/somllavors.com\/es#organization"},"alternateName":"Crian\u00e7a Natural i Sostenible","potentialAction":[{"@type":"SearchAction","target":{"@type":"EntryPoint","urlTemplate":"https:\/\/somllavors.com\/es?s={search_term_string}"},"query-input":{"@type":"PropertyValueSpecification","valueRequired":true,"valueName":"search_term_string"}}],"inLanguage":"es"},{"@type":["Organization","Place","Store"],"@id":"https:\/\/somllavors.com\/es#organization","name":"Som Llavors","alternateName":"Crian\u00e7a Natural i Sostenible","url":"https:\/\/somllavors.com\/es","logo":{"@id":"https:\/\/somllavors.com\/es\/producte\/cor-dividit#local-main-organization-logo"},"image":{"@id":"https:\/\/somllavors.com\/es\/producte\/cor-dividit#local-main-organization-logo"},"sameAs":["https:\/\/www.facebook.com\/somllavorsvng\/?locale=ca_ES","https:\/\/www.instagram.com\/somllavors_vng\/","https:\/\/www.youtube.com\/@somllavors"],"address":{"@id":"https:\/\/somllavors.com\/es\/producte\/cor-dividit#local-main-place-address"},"geo":{"@type":"GeoCoordinates","latitude":"41.2257737","longitude":"1.723258859"},"telephone":["623152704","623152704"],"openingHoursSpecification":[{"@type":"OpeningHoursSpecification","dayOfWeek":["Monday","Sunday"],"opens":"00:00","closes":"00:00"},{"@type":"OpeningHoursSpecification","dayOfWeek":["Tuesday","Wednesday","Thursday","Friday"],"opens":"10:00","closes":"20:00"},{"@type":"OpeningHoursSpecification","dayOfWeek":["Saturday"],"opens":"10:00","closes":"13:30"}],"email":"info@somllavors.com"},{"@type":"PostalAddress","@id":"https:\/\/somllavors.com\/es\/producte\/cor-dividit#local-main-place-address","streetAddress":"Carrer de l'aigua, 6","addressLocality":"Vilanova i la Geltr\u00fa","postalCode":"08800","addressRegion":"Barcelona","addressCountry":"ES"},{"@type":"ImageObject","inLanguage":"es","@id":"https:\/\/somllavors.com\/es\/producte\/cor-dividit#local-main-organization-logo","url":"https:\/\/somllavors.com\/wp-content\/uploads\/Logotip-Som-Llavors.jpg","contentUrl":"https:\/\/somllavors.com\/wp-content\/uploads\/Logotip-Som-Llavors.jpg","width":1444,"height":1323,"caption":"Som Llavors"}]},"product_price_amount":"15.00","product_price_currency":"EUR","og_availability":"instock","product_availability":"instock","product_retailer_item_id":"9788412611021","product_condition":"new","geo.placename":"Vilanova i la Geltr\u00fa","geo.position":{"lat":"41.2257737","long":"1.723258859"},"geo.region":"Espa\u00f1a"},"brands":[],"_links":{"self":[{"href":"https:\/\/somllavors.com\/es\/wp-json\/wp\/v2\/product\/59411","targetHints":{"allow":["GET"]}}],"collection":[{"href":"https:\/\/somllavors.com\/es\/wp-json\/wp\/v2\/product"}],"about":[{"href":"https:\/\/somllavors.com\/es\/wp-json\/wp\/v2\/types\/product"}],"wp:featuredmedia":[{"embeddable":true,"href":"https:\/\/somllavors.com\/es\/wp-json\/wp\/v2\/media\/59448"}],"wp:attachment":[{"href":"https:\/\/somllavors.com\/es\/wp-json\/wp\/v2\/media?parent=59411"}],"wp:term":[{"taxonomy":"pwb-brand","embeddable":true,"href":"https:\/\/somllavors.com\/es\/wp-json\/wp\/v2\/pwb-brand?post=59411"},{"taxonomy":"product_brand","embeddable":true,"href":"https:\/\/somllavors.com\/es\/wp-json\/wp\/v2\/product_brand?post=59411"},{"taxonomy":"product_cat","embeddable":true,"href":"https:\/\/somllavors.com\/es\/wp-json\/wp\/v2\/product_cat?post=59411"},{"taxonomy":"product_tag","embeddable":true,"href":"https:\/\/somllavors.com\/es\/wp-json\/wp\/v2\/product_tag?post=59411"}],"curies":[{"name":"wp","href":"https:\/\/api.w.org\/{rel}","templated":true}]}}