{"id":59967,"date":"2024-05-30T12:45:20","date_gmt":"2024-05-30T10:45:20","guid":{"rendered":"https:\/\/somllavors.com\/?post_type=product&#038;p=59967"},"modified":"2026-04-21T17:44:01","modified_gmt":"2026-04-21T15:44:01","slug":"sun-protection-spf-50-100-ml","status":"publish","type":"product","link":"https:\/\/somllavors.com\/es\/producte\/sun-protection-spf-50-100-ml","title":{"rendered":"Protector solar SPF 50 100 ml &#8211; Carelia"},"content":{"rendered":"<div class=\"elementor-widget elementor-element elementor-element-ee5mj5n elementor-widget-heading\" data-element_type=\"heading\">\n<div class=\"elementor-widget-container\">\n<h2 class=\"elementor-heading-title elementor-size-default none\">Saludable i Natural<\/h2>\n<\/div>\n<\/div>\n<div class=\"elementor-widget elementor-element elementor-element-ht32el9 elementor-widget-text-editor\" data-element_type=\"text-editor\">\n<div class=\"elementor-widget-container\">\n<div class=\"elementor-text-editor rte-content\">\n<p>Alta protecci\u00f3 solar d&#8217;ampli espectre UVA-UVB formulada per a les pells m\u00e9s sensibles de nadons i nens mitjan\u00e7ant una doble barrera de di\u00f2xid de titani i \u00f2xid de zinc que actuen com un mirall, reflectint la radiaci\u00f3 del sol allunyant-la de la pell. I, enriquida amb oli d&#8217;ametlles dolces, jojoba, arr\u00f2s i gard\u00e8nia per preservar, nodrir i regenerar la pell dels efectes nocius dels raigs solars.<\/p>\n<h3>Adequat per a tot tipus de pell, inclosa l&#8217;at\u00f2pica Per\u00a0a<br \/>\ntota la fam\u00edlia<\/h3>\n<ul>\n<li>Cara i cos<\/li>\n<li>Protecci\u00f3 solar 100% mineral<\/li>\n<li>Textura lleugera amb acabat invisible no gras<\/li>\n<li>Humectant<\/li>\n<li>Vegana<\/li>\n<li>Dermatol\u00f2gicament testada<\/li>\n<li>Hipoalerg\u00e8nica<\/li>\n<li>Lliure de gluten<\/li>\n<li>No nanoparticules<\/li>\n<li>Amigable amb els corals<\/li>\n<\/ul>\n<p>Natural and Organic 99,1% certified ISO NATURAL 16128<\/p>\n<div class=\"elementor-widget elementor-element elementor-element-xh73b0t elementor-widget-heading\" data-element_type=\"heading\">\n<div class=\"elementor-widget-container\">\n<h2 class=\"elementor-heading-title elementor-size-default none\">Com utilitzar<\/h2>\n<\/div>\n<\/div>\n<div class=\"elementor-widget elementor-element elementor-element-4d6rccq elementor-widget-text-editor\" data-element_type=\"text-editor\">\n<div class=\"elementor-widget-container\">\n<div class=\"elementor-text-editor rte-content\">\n<p>Abans de prendre el sol aplicar sobre la pell de manera uniforme i generosa que cobreixi la zona a protegir, fins a obtenir un acabat invisible. L&#8217;aplicaci\u00f3 de poca quantitat en redueix la protecci\u00f3. Repetir amb freq\u00fc\u00e8ncia, especialment despr\u00e9s de suar, banyar-se o assecar-se.<\/p>\n<div class=\"elementor-widget elementor-element elementor-element-t739st3 elementor-widget-heading\" data-element_type=\"heading\">\n<div class=\"elementor-widget-container\">\n<h2 class=\"elementor-heading-title elementor-size-default none\">Propietats<\/h2>\n<\/div>\n<\/div>\n<div class=\"elementor-widget elementor-element elementor-element-g30s1xh elementor-widget-text-editor\" data-element_type=\"text-editor\">\n<div class=\"elementor-widget-container\">\n<div class=\"elementor-text-editor rte-content\">\n<p>La combinada acci\u00f3 dels seus actius vegetals a base d&#8217;oli d&#8217;ametlles dolces, jojoba i arr\u00f2s rics en \u00e0cid linoleic, vitamina E i \u00e0cids grassos Omega 3 i 6 actuen com a antioxidant natural, impedeixen la p\u00e8rdua d&#8217;humitat de la pell hidratant-la en profunditat a la vegada que la calmen i redueixen el dany cel\u00b7lular causat pels radicals lliures.<\/p>\n<p>Gr\u00e0cies a les propietats protectores, antioxidants i cicatritzants de l&#8217;oli de gard\u00e8nia la converteixen a la pantalla perfecta contra les cremades solars a la pell m\u00e9s sensible de nadons, nens i de tota la fam\u00edlia.<\/p>\n<\/div>\n<div class=\"elementor-widget elementor-element elementor-element-cty39lf elementor-widget-heading\" data-element_type=\"heading\">\n<div class=\"elementor-widget-container\">\n<h2 class=\"elementor-heading-title elementor-size-default none\">Ho sabies?<\/h2>\n<\/div>\n<\/div>\n<div class=\"elementor-widget elementor-element elementor-element-jq5qfut elementor-widget-text-editor\" data-element_type=\"text-editor\">\n<div class=\"elementor-widget-container\">\n<div class=\"elementor-text-editor rte-content\">\n<p><strong>Qu\u00e8 \u00e9s un filtre solar qu\u00edmic i qu\u00e8 \u00e9s un filtre solar f\u00edsic?<\/strong><\/p>\n<p>Els filtres solars qu\u00edmics penetren a la pell i funcionen absorbint l&#8217;energia UV i convertint-la en calor. Els filtres solars f\u00edsics funcionen com un mirall, reflectint la radiaci\u00f3 del sol lluny de la pell.<\/p>\n<p>Un protector solar mineral (f\u00edsic) combina di\u00f2xid de titani i \u00f2xid de zinc. Un protector qu\u00edmic combina ingredients com oxybenzone, octinoxate\/ethylhexyl methoxycinnamate, homosalate, octisalate o octocrylene.<\/p>\n<p>Els filtres f\u00edsics pel seu efecte pantalla s\u00f3n els adequats per a les persones que tenen la pell sensible o amb tend\u00e8ncia a la dermatitis.<\/p>\n<h4><strong>Qu\u00e8 \u00e9s l&#8217;SPF i com funciona?<\/strong><\/h4>\n<p>SPF vol dir Factor de Protecci\u00f3 Solar.<\/p>\n<p>Indica el temps durant el qual la pell est\u00e0 protegida contra el sol.<\/p>\n<p>La pell comen\u00e7a a cremar-se, de mitjana, despr\u00e9s de 5 a 10 minuts al sol sense cap filtre solar. La protecci\u00f3 solar SPF 30, per exemple, amplia aquest temps durant 5 minuts x 30 (150 minuts) abans de comen\u00e7ar a cremar.<\/p>\n<p>El tipus de pell, ubicaci\u00f3, \u00e8poca de l&#8217;any, nedar, suar excessivament o com s&#8217;ha aplicat el fotoprotector s\u00f3n alguns dels factors que afectaran el nivell de protecci\u00f3.<\/p>\n<p>L&#8217;SPF nom\u00e9s garanteix el temps d&#8217;efectivitat de la crema o loci\u00f3 davant del sol, no la quantitat de temps que pot romandre la pell exposada.<\/p>\n<\/div>\n<div class=\"elementor-widget elementor-element elementor-element-qancrzz elementor-widget-heading\" data-element_type=\"heading\">\n<div class=\"elementor-widget-container\">\n<h2 class=\"elementor-heading-title elementor-size-default none\">Consells Car\u00e8lia<\/h2>\n<\/div>\n<\/div>\n<div class=\"elementor-widget elementor-element elementor-element-nutyqcy elementor-widget-text-editor\" data-element_type=\"text-editor\">\n<div class=\"elementor-widget-container\">\n<div class=\"elementor-text-editor rte-content\">\n<ul>\n<li>Els menors de 6 mesos no s&#8217;han d&#8217;exposar al sol, la pell \u00e9s molt sensible i immadura, sense capacitat de defensa davant del sol.<\/li>\n<li>Protegiu-los amb roba adequada, el cap amb un barret d&#8217;ala ampla i els ulls amb ulleres de sol que bloquegin els raigs UVA i UVB. Extremar les precaucions a les parts m\u00e9s sensibles al sol: cara, coll, cap, espatlles, escot, orelles, mans i empentes.<\/li>\n<li>La millor hora per baixar amb els nens a la platja \u00e9s a primera hora del mat\u00ed o de vesprada quan ja ha baixat el sol. Evitar l&#8217;exposici\u00f3 entre les 12h i les 16h. la intensitat de radiaci\u00f3 solar \u00e9s m\u00e0xima.<\/li>\n<li>A l&#8217;ombra o sota un para-sol tamb\u00e9 s&#8217;ha d&#8217;utilitzar protecci\u00f3 solar, sobretot si al voltant hi ha superf\u00edcies que reflecteixin la radiaci\u00f3 (aigua, sorra, asfalt\u2026).<\/li>\n<li>Aplicar generosament la crema solar fins a la completa absorci\u00f3. Tornar a aplicar almenys cada 2 hores i despr\u00e9s de nedar, suar o assecar-se.<\/li>\n<li>Els fotoprotectors tamb\u00e9 s&#8217;han d&#8217;utilitzar fins i tot en dies ennuvolats, les radiacions travessen un 90% els n\u00favols.<\/li>\n<li>Tingueu en compte que les radiacions sobre la pell augmenten amb l&#8217;aigua, la neu (80%), la sorra (25%) i l&#8217;herba (10%) perqu\u00e8 les reflecteixen fent que se&#8217;n sumin els efectes.<\/li>\n<li>El risc de cremades augmenta amb l&#8217;altitud cada 300 m. d&#8217;al\u00e7ada augmenta un 4% el poder eritem\u00e0tic de les radiacions ultraviolades.<\/li>\n<li>No fer servir protectors solars oberts des de l&#8217;any anterior, perden efic\u00e0cia. I, evitar llargues exposicions al sol.<\/li>\n<\/ul>\n<p>Si b\u00e9 necessitem la beneficiosa i necess\u00e0ria energia del sol per al nostre organisme perqu\u00e8 estimula la s\u00edntesi de la vitamina D, afavoreix la circulaci\u00f3 sangu\u00ednia i ens fa sentir millor i m\u00e9s alegres, una sobreexposici\u00f3 t\u00e9 efectes nocius sobre la pell a curt i llarg termini. La pell t\u00e9 mem\u00f2ria.<\/p>\n<\/div>\n<\/div>\n<\/div>\n<\/div>\n<\/div>\n<\/div>\n<\/div>\n<\/div>\n<\/div>\n<\/div>\n<\/div>\n<\/div>\n<\/div>\n","protected":false},"excerpt":{"rendered":"<p>Crema solar vegana -Alta Protecci\u00f3- formulada amb filtres solars f\u00edsics innocus per a la delicada pell de nadons i fam\u00edlia. Forma un escut protector 100% mineral mantenint-la fora de perill dels nocius raigs del sol UVA i UVB de manera natural i saludable.<\/p>\n<p>Adequada per a tot tipus de pell, inclosa l&#8217;at\u00f2pica.<\/p>\n<p>Per a la cara i el cos.<\/p>\n<p>&nbsp;<\/p>\n","protected":false},"featured_media":60300,"template":"","meta":{"_acf_changed":false,"site-sidebar-layout":"default","site-content-layout":"","ast-site-content-layout":"default","site-content-style":"default","site-sidebar-style":"default","ast-global-header-display":"","ast-banner-title-visibility":"","ast-main-header-display":"","ast-hfb-above-header-display":"","ast-hfb-below-header-display":"","ast-hfb-mobile-header-display":"","site-post-title":"","ast-breadcrumbs-content":"","ast-featured-img":"","footer-sml-layout":"","ast-disable-related-posts":"","theme-transparent-header-meta":"default","adv-header-id-meta":"","stick-header-meta":"","header-above-stick-meta":"","header-main-stick-meta":"","header-below-stick-meta":"","astra-migrate-meta-layouts":"set","ast-page-background-enabled":"default","ast-page-background-meta":{"desktop":{"background-color":"","background-image":"","background-repeat":"repeat","background-position":"center center","background-size":"auto","background-attachment":"scroll","background-type":"","background-media":"","overlay-type":"","overlay-color":"","overlay-opacity":"","overlay-gradient":""},"tablet":{"background-color":"","background-image":"","background-repeat":"repeat","background-position":"center center","background-size":"auto","background-attachment":"scroll","background-type":"","background-media":"","overlay-type":"","overlay-color":"","overlay-opacity":"","overlay-gradient":""},"mobile":{"background-color":"","background-image":"","background-repeat":"repeat","background-position":"center center","background-size":"auto","background-attachment":"scroll","background-type":"","background-media":"","overlay-type":"","overlay-color":"","overlay-opacity":"","overlay-gradient":""}},"ast-content-background-meta":{"desktop":{"background-color":"var(--ast-global-color-5)","background-image":"","background-repeat":"repeat","background-position":"center center","background-size":"auto","background-attachment":"scroll","background-type":"","background-media":"","overlay-type":"","overlay-color":"","overlay-opacity":"","overlay-gradient":""},"tablet":{"background-color":"var(--ast-global-color-5)","background-image":"","background-repeat":"repeat","background-position":"center center","background-size":"auto","background-attachment":"scroll","background-type":"","background-media":"","overlay-type":"","overlay-color":"","overlay-opacity":"","overlay-gradient":""},"mobile":{"background-color":"var(--ast-global-color-5)","background-image":"","background-repeat":"repeat","background-position":"center center","background-size":"auto","background-attachment":"scroll","background-type":"","background-media":"","overlay-type":"","overlay-color":"","overlay-opacity":"","overlay-gradient":""}}},"pwb-brand":[4797],"product_brand":[],"product_cat":[1677,579,722],"product_tag":[],"class_list":{"0":"post-59967","1":"product","2":"type-product","3":"status-publish","4":"has-post-thumbnail","6":"pwb-brand-carelia","7":"product_cat-benvingut-estiu","8":"product_cat-cosmetica-lhora-del-bany-2","9":"product_cat-protectors-solars","10":"desktop-align-left","11":"tablet-align-left","12":"mobile-align-left","14":"first","15":"instock","16":"taxable","17":"shipping-taxable","18":"purchasable","19":"product-type-simple"},"acf":[],"yoast_head":"<!-- This site is optimized with the Yoast SEO Premium plugin v18.3 (Yoast SEO v27.4) - https:\/\/yoast.com\/product\/yoast-seo-premium-wordpress\/ -->\n<title>Protector solar SPF 50 100 ml - Carelia &#8212; Som Llavors<\/title>\n<meta name=\"description\" content=\"Crema solar vegana -Alta Protecci\u00f3- formulada amb filtres solars f\u00edsics innocus per a la delicada pell de nadons (UVA i UVB) de manera natural i saludable.\" \/>\n<meta name=\"robots\" content=\"index, follow, max-snippet:-1, max-image-preview:large, max-video-preview:-1\" \/>\n<link rel=\"canonical\" href=\"https:\/\/somllavors.com\/es\/producte\/sun-protection-spf-50-100-ml\" \/>\n<meta property=\"og:locale\" content=\"es_ES\" \/>\n<meta property=\"og:type\" content=\"article\" \/>\n<meta property=\"og:title\" content=\"Protector solar SPF 50 100 ml - Carelia\" \/>\n<meta property=\"og:description\" content=\"La teva botiga d\u2019ecocrian\u00e7a i espai d\u2019acompanyament a la maternitat\" \/>\n<meta property=\"og:url\" content=\"https:\/\/somllavors.com\/es\/producte\/sun-protection-spf-50-100-ml\" \/>\n<meta property=\"og:site_name\" content=\"Som Llavors\" \/>\n<meta property=\"article:publisher\" content=\"https:\/\/www.facebook.com\/somllavorsvng\/?locale=ca_ES\" \/>\n<meta property=\"article:modified_time\" content=\"2026-04-21T15:44:01+00:00\" \/>\n<meta property=\"og:image\" content=\"https:\/\/somllavors.com\/wp-content\/uploads\/2024\/05\/crema-solar-natural-bebes-ninos.jpg\" \/>\n\t<meta property=\"og:image:width\" content=\"930\" \/>\n\t<meta property=\"og:image:height\" content=\"726\" \/>\n\t<meta property=\"og:image:type\" content=\"image\/jpeg\" \/>\n<meta name=\"twitter:card\" content=\"summary_large_image\" \/>\n<meta name=\"twitter:label1\" content=\"Precio\" \/>\n\t<meta name=\"twitter:data1\" content=\"33,00&euro; Iva incl\u00f2s\" \/>\n\t<meta name=\"twitter:label2\" content=\"Availability\" \/>\n\t<meta name=\"twitter:data2\" content=\"Hay existencias\" \/>\n<script type=\"application\/ld+json\" class=\"yoast-schema-graph\">{\"@context\":\"https:\\\/\\\/schema.org\",\"@graph\":[{\"@type\":\"WebPage\",\"@id\":\"https:\\\/\\\/somllavors.com\\\/es\\\/producte\\\/sun-protection-spf-50-100-ml\",\"url\":\"https:\\\/\\\/somllavors.com\\\/es\\\/producte\\\/sun-protection-spf-50-100-ml\",\"name\":\"Protector solar SPF 50 100 ml - Carelia &#8212; Som Llavors\",\"isPartOf\":{\"@id\":\"https:\\\/\\\/somllavors.com\\\/es#website\"},\"primaryImageOfPage\":{\"@id\":\"https:\\\/\\\/somllavors.com\\\/es\\\/producte\\\/sun-protection-spf-50-100-ml#primaryimage\"},\"image\":{\"@id\":\"https:\\\/\\\/somllavors.com\\\/es\\\/producte\\\/sun-protection-spf-50-100-ml#primaryimage\"},\"thumbnailUrl\":\"https:\\\/\\\/somllavors.com\\\/wp-content\\\/uploads\\\/2024\\\/05\\\/crema-solar-natural-bebes-ninos.jpg\",\"datePublished\":\"2024-05-30T10:45:20+00:00\",\"dateModified\":\"2026-04-21T15:44:01+00:00\",\"description\":\"Crema solar vegana -Alta Protecci\u00f3- formulada amb filtres solars f\u00edsics innocus per a la delicada pell de nadons (UVA i UVB) de manera natural i saludable.\",\"breadcrumb\":{\"@id\":\"https:\\\/\\\/somllavors.com\\\/es\\\/producte\\\/sun-protection-spf-50-100-ml#breadcrumb\"},\"inLanguage\":\"es\",\"potentialAction\":[{\"@type\":\"ReadAction\",\"target\":[\"https:\\\/\\\/somllavors.com\\\/es\\\/producte\\\/sun-protection-spf-50-100-ml\"]}]},{\"@type\":\"ImageObject\",\"inLanguage\":\"es\",\"@id\":\"https:\\\/\\\/somllavors.com\\\/es\\\/producte\\\/sun-protection-spf-50-100-ml#primaryimage\",\"url\":\"https:\\\/\\\/somllavors.com\\\/wp-content\\\/uploads\\\/2024\\\/05\\\/crema-solar-natural-bebes-ninos.jpg\",\"contentUrl\":\"https:\\\/\\\/somllavors.com\\\/wp-content\\\/uploads\\\/2024\\\/05\\\/crema-solar-natural-bebes-ninos.jpg\",\"width\":930,\"height\":726,\"caption\":\"Protector solar nadons UPF 50 Carelia\"},{\"@type\":\"BreadcrumbList\",\"@id\":\"https:\\\/\\\/somllavors.com\\\/es\\\/producte\\\/sun-protection-spf-50-100-ml#breadcrumb\",\"itemListElement\":[{\"@type\":\"ListItem\",\"position\":1,\"name\":\"Inici\",\"item\":\"https:\\\/\\\/somllavors.com\\\/es\"},{\"@type\":\"ListItem\",\"position\":2,\"name\":\"Tienda\",\"item\":\"https:\\\/\\\/somllavors.com\\\/es\\\/botiga-2\"},{\"@type\":\"ListItem\",\"position\":3,\"name\":\"Protector solar SPF 50 100 ml &#8211; Carelia\"}]},{\"@type\":\"WebSite\",\"@id\":\"https:\\\/\\\/somllavors.com\\\/es#website\",\"url\":\"https:\\\/\\\/somllavors.com\\\/es\",\"name\":\"Som Llavors\",\"description\":\"Botiga de crian\u00e7a natural\",\"publisher\":{\"@id\":\"https:\\\/\\\/somllavors.com\\\/es#organization\"},\"alternateName\":\"Crian\u00e7a Natural i Sostenible\",\"potentialAction\":[{\"@type\":\"SearchAction\",\"target\":{\"@type\":\"EntryPoint\",\"urlTemplate\":\"https:\\\/\\\/somllavors.com\\\/es?s={search_term_string}\"},\"query-input\":{\"@type\":\"PropertyValueSpecification\",\"valueRequired\":true,\"valueName\":\"search_term_string\"}}],\"inLanguage\":\"es\"},{\"@type\":[\"Organization\",\"Place\",\"Store\"],\"@id\":\"https:\\\/\\\/somllavors.com\\\/es#organization\",\"name\":\"Som Llavors\",\"alternateName\":\"Crian\u00e7a Natural i Sostenible\",\"url\":\"https:\\\/\\\/somllavors.com\\\/es\",\"logo\":{\"@id\":\"https:\\\/\\\/somllavors.com\\\/es\\\/producte\\\/sun-protection-spf-50-100-ml#local-main-organization-logo\"},\"image\":{\"@id\":\"https:\\\/\\\/somllavors.com\\\/es\\\/producte\\\/sun-protection-spf-50-100-ml#local-main-organization-logo\"},\"sameAs\":[\"https:\\\/\\\/www.facebook.com\\\/somllavorsvng\\\/?locale=ca_ES\",\"https:\\\/\\\/www.instagram.com\\\/somllavors_vng\\\/\",\"https:\\\/\\\/www.youtube.com\\\/@somllavors\"],\"address\":{\"@id\":\"https:\\\/\\\/somllavors.com\\\/es\\\/producte\\\/sun-protection-spf-50-100-ml#local-main-place-address\"},\"geo\":{\"@type\":\"GeoCoordinates\",\"latitude\":\"41.2257737\",\"longitude\":\"1.723258859\"},\"telephone\":[\"623152704\"],\"openingHoursSpecification\":[{\"@type\":\"OpeningHoursSpecification\",\"dayOfWeek\":[\"Monday\",\"Sunday\"],\"opens\":\"00:00\",\"closes\":\"00:00\"},{\"@type\":\"OpeningHoursSpecification\",\"dayOfWeek\":[\"Tuesday\",\"Wednesday\",\"Thursday\",\"Friday\"],\"opens\":\"10:00\",\"closes\":\"20:00\"},{\"@type\":\"OpeningHoursSpecification\",\"dayOfWeek\":[\"Saturday\"],\"opens\":\"10:00\",\"closes\":\"13:30\"}],\"email\":\"info@somllavors.com\"},{\"@type\":\"PostalAddress\",\"@id\":\"https:\\\/\\\/somllavors.com\\\/es\\\/producte\\\/sun-protection-spf-50-100-ml#local-main-place-address\",\"streetAddress\":\"Carrer de l'aigua, 6\",\"addressLocality\":\"Vilanova i la Geltr\u00fa\",\"postalCode\":\"08800\",\"addressRegion\":\"Barcelona\",\"addressCountry\":\"ES\"},{\"@type\":\"ImageObject\",\"inLanguage\":\"es\",\"@id\":\"https:\\\/\\\/somllavors.com\\\/es\\\/producte\\\/sun-protection-spf-50-100-ml#local-main-organization-logo\",\"url\":\"https:\\\/\\\/somllavors.com\\\/wp-content\\\/uploads\\\/Logotip-Som-Llavors.jpg\",\"contentUrl\":\"https:\\\/\\\/somllavors.com\\\/wp-content\\\/uploads\\\/Logotip-Som-Llavors.jpg\",\"width\":1444,\"height\":1323,\"caption\":\"Som Llavors\"}]}<\/script>\n<meta property=\"product:price:amount\" content=\"33.00\" \/>\n<meta property=\"product:price:currency\" content=\"EUR\" \/>\n<meta property=\"og:availability\" content=\"instock\" \/>\n<meta property=\"product:availability\" content=\"instock\" \/>\n<meta property=\"product:retailer_item_id\" content=\"100001\" \/>\n<meta property=\"product:condition\" content=\"new\" \/>\n<meta name=\"geo.placename\" content=\"Vilanova i la Geltr\u00fa\" \/>\n<meta name=\"geo.position\" content=\"41.2257737;1.723258859\" \/>\n<meta name=\"geo.region\" content=\"Espa\u00f1a\" \/>\n<!-- \/ Yoast SEO Premium plugin. -->","yoast_head_json":{"title":"Protector solar SPF 50 100 ml - Carelia &#8212; Som Llavors","description":"Crema solar vegana -Alta Protecci\u00f3- formulada amb filtres solars f\u00edsics innocus per a la delicada pell de nadons (UVA i UVB) de manera natural i saludable.","robots":{"index":"index","follow":"follow","max-snippet":"max-snippet:-1","max-image-preview":"max-image-preview:large","max-video-preview":"max-video-preview:-1"},"canonical":"https:\/\/somllavors.com\/es\/producte\/sun-protection-spf-50-100-ml","og_locale":"es_ES","og_type":"article","og_title":"Protector solar SPF 50 100 ml - Carelia","og_description":"La teva botiga d\u2019ecocrian\u00e7a i espai d\u2019acompanyament a la maternitat","og_url":"https:\/\/somllavors.com\/es\/producte\/sun-protection-spf-50-100-ml","og_site_name":"Som Llavors","article_publisher":"https:\/\/www.facebook.com\/somllavorsvng\/?locale=ca_ES","article_modified_time":"2026-04-21T15:44:01+00:00","og_image":[{"width":930,"height":726,"url":"https:\/\/somllavors.com\/wp-content\/uploads\/2024\/05\/crema-solar-natural-bebes-ninos.jpg","type":"image\/jpeg"}],"twitter_card":"summary_large_image","twitter_misc":{"Precio":"33,00&euro; Iva incl\u00f2s","Availability":"Hay existencias"},"schema":{"@context":"https:\/\/schema.org","@graph":[{"@type":"WebPage","@id":"https:\/\/somllavors.com\/es\/producte\/sun-protection-spf-50-100-ml","url":"https:\/\/somllavors.com\/es\/producte\/sun-protection-spf-50-100-ml","name":"Protector solar SPF 50 100 ml - Carelia &#8212; Som Llavors","isPartOf":{"@id":"https:\/\/somllavors.com\/es#website"},"primaryImageOfPage":{"@id":"https:\/\/somllavors.com\/es\/producte\/sun-protection-spf-50-100-ml#primaryimage"},"image":{"@id":"https:\/\/somllavors.com\/es\/producte\/sun-protection-spf-50-100-ml#primaryimage"},"thumbnailUrl":"https:\/\/somllavors.com\/wp-content\/uploads\/2024\/05\/crema-solar-natural-bebes-ninos.jpg","datePublished":"2024-05-30T10:45:20+00:00","dateModified":"2026-04-21T15:44:01+00:00","description":"Crema solar vegana -Alta Protecci\u00f3- formulada amb filtres solars f\u00edsics innocus per a la delicada pell de nadons (UVA i UVB) de manera natural i saludable.","breadcrumb":{"@id":"https:\/\/somllavors.com\/es\/producte\/sun-protection-spf-50-100-ml#breadcrumb"},"inLanguage":"es","potentialAction":[{"@type":"ReadAction","target":["https:\/\/somllavors.com\/es\/producte\/sun-protection-spf-50-100-ml"]}]},{"@type":"ImageObject","inLanguage":"es","@id":"https:\/\/somllavors.com\/es\/producte\/sun-protection-spf-50-100-ml#primaryimage","url":"https:\/\/somllavors.com\/wp-content\/uploads\/2024\/05\/crema-solar-natural-bebes-ninos.jpg","contentUrl":"https:\/\/somllavors.com\/wp-content\/uploads\/2024\/05\/crema-solar-natural-bebes-ninos.jpg","width":930,"height":726,"caption":"Protector solar nadons UPF 50 Carelia"},{"@type":"BreadcrumbList","@id":"https:\/\/somllavors.com\/es\/producte\/sun-protection-spf-50-100-ml#breadcrumb","itemListElement":[{"@type":"ListItem","position":1,"name":"Inici","item":"https:\/\/somllavors.com\/es"},{"@type":"ListItem","position":2,"name":"Tienda","item":"https:\/\/somllavors.com\/es\/botiga-2"},{"@type":"ListItem","position":3,"name":"Protector solar SPF 50 100 ml &#8211; Carelia"}]},{"@type":"WebSite","@id":"https:\/\/somllavors.com\/es#website","url":"https:\/\/somllavors.com\/es","name":"Som Llavors","description":"Botiga de crian\u00e7a natural","publisher":{"@id":"https:\/\/somllavors.com\/es#organization"},"alternateName":"Crian\u00e7a Natural i Sostenible","potentialAction":[{"@type":"SearchAction","target":{"@type":"EntryPoint","urlTemplate":"https:\/\/somllavors.com\/es?s={search_term_string}"},"query-input":{"@type":"PropertyValueSpecification","valueRequired":true,"valueName":"search_term_string"}}],"inLanguage":"es"},{"@type":["Organization","Place","Store"],"@id":"https:\/\/somllavors.com\/es#organization","name":"Som Llavors","alternateName":"Crian\u00e7a Natural i Sostenible","url":"https:\/\/somllavors.com\/es","logo":{"@id":"https:\/\/somllavors.com\/es\/producte\/sun-protection-spf-50-100-ml#local-main-organization-logo"},"image":{"@id":"https:\/\/somllavors.com\/es\/producte\/sun-protection-spf-50-100-ml#local-main-organization-logo"},"sameAs":["https:\/\/www.facebook.com\/somllavorsvng\/?locale=ca_ES","https:\/\/www.instagram.com\/somllavors_vng\/","https:\/\/www.youtube.com\/@somllavors"],"address":{"@id":"https:\/\/somllavors.com\/es\/producte\/sun-protection-spf-50-100-ml#local-main-place-address"},"geo":{"@type":"GeoCoordinates","latitude":"41.2257737","longitude":"1.723258859"},"telephone":["623152704","623152704"],"openingHoursSpecification":[{"@type":"OpeningHoursSpecification","dayOfWeek":["Monday","Sunday"],"opens":"00:00","closes":"00:00"},{"@type":"OpeningHoursSpecification","dayOfWeek":["Tuesday","Wednesday","Thursday","Friday"],"opens":"10:00","closes":"20:00"},{"@type":"OpeningHoursSpecification","dayOfWeek":["Saturday"],"opens":"10:00","closes":"13:30"}],"email":"info@somllavors.com"},{"@type":"PostalAddress","@id":"https:\/\/somllavors.com\/es\/producte\/sun-protection-spf-50-100-ml#local-main-place-address","streetAddress":"Carrer de l'aigua, 6","addressLocality":"Vilanova i la Geltr\u00fa","postalCode":"08800","addressRegion":"Barcelona","addressCountry":"ES"},{"@type":"ImageObject","inLanguage":"es","@id":"https:\/\/somllavors.com\/es\/producte\/sun-protection-spf-50-100-ml#local-main-organization-logo","url":"https:\/\/somllavors.com\/wp-content\/uploads\/Logotip-Som-Llavors.jpg","contentUrl":"https:\/\/somllavors.com\/wp-content\/uploads\/Logotip-Som-Llavors.jpg","width":1444,"height":1323,"caption":"Som Llavors"}]},"product_price_amount":"33.00","product_price_currency":"EUR","og_availability":"instock","product_availability":"instock","product_retailer_item_id":"100001","product_condition":"new","geo.placename":"Vilanova i la Geltr\u00fa","geo.position":{"lat":"41.2257737","long":"1.723258859"},"geo.region":"Espa\u00f1a"},"brands":[{"id":4797,"name":"Carelia","slug":"carelia"}],"_links":{"self":[{"href":"https:\/\/somllavors.com\/es\/wp-json\/wp\/v2\/product\/59967","targetHints":{"allow":["GET"]}}],"collection":[{"href":"https:\/\/somllavors.com\/es\/wp-json\/wp\/v2\/product"}],"about":[{"href":"https:\/\/somllavors.com\/es\/wp-json\/wp\/v2\/types\/product"}],"wp:featuredmedia":[{"embeddable":true,"href":"https:\/\/somllavors.com\/es\/wp-json\/wp\/v2\/media\/60300"}],"wp:attachment":[{"href":"https:\/\/somllavors.com\/es\/wp-json\/wp\/v2\/media?parent=59967"}],"wp:term":[{"taxonomy":"pwb-brand","embeddable":true,"href":"https:\/\/somllavors.com\/es\/wp-json\/wp\/v2\/pwb-brand?post=59967"},{"taxonomy":"product_brand","embeddable":true,"href":"https:\/\/somllavors.com\/es\/wp-json\/wp\/v2\/product_brand?post=59967"},{"taxonomy":"product_cat","embeddable":true,"href":"https:\/\/somllavors.com\/es\/wp-json\/wp\/v2\/product_cat?post=59967"},{"taxonomy":"product_tag","embeddable":true,"href":"https:\/\/somllavors.com\/es\/wp-json\/wp\/v2\/product_tag?post=59967"}],"curies":[{"name":"wp","href":"https:\/\/api.w.org\/{rel}","templated":true}]}}