{"id":69371,"date":"2024-10-30T09:28:48","date_gmt":"2024-10-30T08:28:48","guid":{"rendered":"https:\/\/somllavors.com\/?post_type=product&#038;p=69371"},"modified":"2025-01-27T00:00:11","modified_gmt":"2025-01-26T23:00:11","slug":"silla-de-paseo-lijera-yoyo-3-stokke","status":"publish","type":"product","link":"https:\/\/somllavors.com\/es\/producte\/silla-de-paseo-lijera-yoyo-3-stokke","title":{"rendered":"Cochecito YOYO\u00b3 a partir de los 6 meses &#8211; Stokke\u00ae"},"content":{"rendered":"<div class=\"elementor-widget elementor-element elementor-element-4o5xc3f elementor-widget-text-editor\" data-element_type=\"text-editor\">\n<div class=\"elementor-widget-container\">\n<div class=\"elementor-text-editor rte-content\">\n<p>STOKKE\u00ae YOYO\u00b3 es <strong>la silla ligera m\u00e1s vers\u00e1til<\/strong>, acompa\u00f1ando a tu hijo durante su infancia. Su\u00a0<strong>dise\u00f1o resistente y manejable<\/strong>\u00a0asegura una comodidad en tu d\u00eda a d\u00eda. Ideal para beb\u00e9s\u00a0<strong>a partir de los 6 meses<\/strong>, el YOYO\u00b3\u00a0<strong>se caracteriza por su plegado y desplegado ultrarr\u00e1pido<\/strong>, ocupando el\u00a0<strong>m\u00ednimo espacio<\/strong>\u00a0en casa y en el coche.<\/p>\n<p><strong>F\u00e1cil de transportar al hombro<\/strong>, es perfecto para cualquier tipo de\u00a0<strong>viaje<\/strong>, ya sea en metro, autob\u00fas, taxi o avi\u00f3n.<\/p>\n<h3>\nLa<strong>\u00a0nueva silla de paseo Yoyo3<\/strong>\u00a0mejora las ventajas de su antecesora, Yoyo Babyzen 2, con un\u00a0<strong>dise\u00f1o optimizado<\/strong>\u00a0y nuevas funcionalidades.<\/h3>\n<div class=\"css-1koat50\">\n<div class=\"css-10e2qm9\" data-testid=\"product-details-page_product-usp\">\n<div class=\"styled-content css-1jcdyo1\">YOYO\u00b3 es el cochecito m\u00e1s vers\u00e1til que crece con tu hijo, desde el nacimiento hasta la infancia. Resistente y muy manejable, se ha dise\u00f1ado para proporcionar una comodidad diaria \u00f3ptima a tu peque. El cochecito YOYO\u00b3 a partir de 6 meses tiene el doble de agilidad e ingenio con su caracter\u00edstico plegado y desplegado. Se puede guardar en el espacio m\u00e1s peque\u00f1o de la casa, ocupa muy poco espacio en el maletero del coche y se puede llevar al hombro. \u00a1Coge el metro, sube a un autob\u00fas, toma un taxi o vuela al otro lado del mundo!<\/div>\n<div><\/div>\n<div class=\"styled-content css-1jcdyo1\">\n<ul>\n<li>Se pliega y despliega en un abrir y cerrar de ojos<\/li>\n<li>Compacto, se puede guardar en cualquier lugar<\/li>\n<li>Ideal para viajes en avi\u00f3n con dimensiones de equipaje de mano cuando est\u00e1 plegado*<\/li>\n<li>Ultraligero (6,2 kg), f\u00e1cil de llevar al hombro<\/li>\n<li>Capota extensible con protecci\u00f3n contra rayos UV y ventana de ventilaci\u00f3n que se puede cerrar<\/li>\n<li>Equipado con un arn\u00e9s de 5 puntos<\/li>\n<li>Acolchado del coj\u00edn redise\u00f1ado: nuevo coj\u00edn y respaldo m\u00e1s alto con protectores de correa de malla<\/li>\n<li>Robusto y muy maniobrable con ruedas reflectantes para mayor seguridad<\/li>\n<li>Mayor comodidad para el ni\u00f1o: Suspensi\u00f3n de 4 ruedas (tecnolog\u00eda de elast\u00f3mero Hytrel\u00ae) y sistema \u00abSoft Drive\u00bb<\/li>\n<li>Almacenamiento adicional: cesta debajo del asiento con capacidad para 10 kg y bolsillo trasero con cremallera para tener los art\u00edculos esenciales al alcance de la mano<\/li>\n<li>Manillar plegable de suave piel sint\u00e9tica con correa de sujeci\u00f3n<\/li>\n<li>Respaldo reclinable en varias posiciones<\/li>\n<li>Tejido impermeable anti-UV (UPF 50+)<\/li>\n<\/ul>\n<\/div>\n<\/div>\n<\/div>\n<div class=\"cms-page-module css-0\">\n<div class=\"cms-page-module\" data-template-id=\"552101208\" data-template-name=\"vertical-scroll-re\" data-page-module-id=\"408463660\">\n<section id=\"vertical-scroll-6-stroller\" class=\"sk-component sk-component--verscroll id-408463660\">\n<div class=\"sk-content-column sk-content-column--verscroll sk-colorworld--green\">\n<div class=\"sk-verscroll__headlines\">\n<div class=\"sk-subheadline-wrapper\"><\/div>\n<\/div>\n<\/div>\n<\/section>\n<\/div>\n<\/div>\n<\/div>\n<\/div>\n<\/div>\n<div class=\"elementor-widget elementor-element elementor-element-cffrvjq elementor-widget-spacer\" data-element_type=\"spacer\">\n<div class=\"elementor-widget-container\">\n<div class=\"elementor-spacer\">\n<div class=\"sk-paragraph-wrapper__headline\">\n<h2 class=\"sk-verscroll__text sk-text--left sk-regular-2xl\">Apto para viajes en avi\u00f3n<\/h2>\n<\/div>\n<div class=\"sk-paragraph-wrapper__text showHideElement\">\n<div class=\"sk-verscroll__text sk-text--left sk-regular-medium\">Plegable junto con el chasis, YOYO\u00b3 se adapta a las dimensiones de cabina de la mayor\u00eda de las aerol\u00edneas, lo que lo hace perfecto para el uso diario y los viajes.<\/div>\n<div><\/div>\n<\/div>\n<\/div>\n<\/div>\n<div><img loading=\"lazy\" decoding=\"async\" class=\" wp-image-69805 aligncenter\" src=\"https:\/\/somllavors.com\/wp-content\/uploads\/2024\/10\/pdp_yoyo6_vertical-scroll_560x700_7_jpg__legacy-240x300.jpg\" alt=\"yoyo3 en cabina de avi\u00f3n\" width=\"386\" height=\"483\" srcset=\"https:\/\/somllavors.com\/wp-content\/uploads\/2024\/10\/pdp_yoyo6_vertical-scroll_560x700_7_jpg__legacy-240x300.jpg 240w, https:\/\/somllavors.com\/wp-content\/uploads\/2024\/10\/pdp_yoyo6_vertical-scroll_560x700_7_jpg__legacy.jpg 640w\" sizes=\"auto, (max-width: 386px) 100vw, 386px\" \/><\/div>\n<div class=\"elementor-widget-container\">\n<div class=\"elementor-spacer\">\n<div><\/div>\n<div>* Las normas de equipaje de cabina pueden variar en funci\u00f3n de la aerol\u00ednea, por lo que te recomendamos que compruebes con tu compa\u00f1\u00eda a\u00e9rea cu\u00e1l es el equipaje de cabina permitido m\u00e1s recientemente.<\/div>\n<\/div>\n<div>\n<div class=\"sk-paragraph-wrapper__headline\">\n<h2><\/h2>\n<h2 class=\"sk-verscroll__text sk-text--left sk-regular-2xl\">M\u00e1xima comodidad<\/h2>\n<\/div>\n<div class=\"sk-paragraph-wrapper__text showHideElement\">\n<div class=\"sk-verscroll__text sk-text--left sk-regular-medium\">La comodidad de tu peque\u00f1o es esencial para las aventuras diarias. El coj\u00edn de asiento redise\u00f1ado, los amortiguadores mejorados y la nueva malla perforada del YOYO\u00b3 garantizan una ventilaci\u00f3n y comodidad mejoradas all\u00e1 donde vayas.<\/div>\n<\/div>\n<\/div>\n<div>\n<div class=\"sk-paragraph-wrapper__headline\">\n<h2><\/h2>\n<h2 class=\"sk-verscroll__text sk-text--left sk-regular-2xl\">F\u00e1cil de plegar y desplegar<\/h2>\n<\/div>\n<div class=\"sk-paragraph-wrapper__text showHideElement\">\n<div class=\"sk-verscroll__text sk-text--left sk-regular-medium\">Stokke\u00ae YOYO\u00b3 se pliega y despliega en un abrir y cerrar de ojos, lo que te permite aplanar f\u00e1cilmente tu cochecito compacto. Est\u00e1 dise\u00f1ado para que puedas guardarlo en cualquier lugar o colgarlo del hombro cuando est\u00e9s de viaje.<\/div>\n<\/div>\n<div>\n<div class=\"sk-paragraph-wrapper__headline\">\n<h2><\/h2>\n<h2 class=\"sk-verscroll__text sk-text--left sk-regular-2xl\">Funciones actualizadas<\/h2>\n<\/div>\n<div class=\"sk-paragraph-wrapper__text showHideElement\">\n<div class=\"sk-verscroll__text sk-text--left sk-regular-medium\">Hemos mejorado lo mejor con varias novedades para YOYO\u00b3, como un almacenamiento adicional de 10 kg y una ventana adicional.<\/div>\n<div>\n<div class=\"sk-paragraph-wrapper__headline\">\n<h2><\/h2>\n<h2 class=\"sk-verscroll__text sk-text--left sk-regular-2xl\">Dise\u00f1ados para durar<\/h2>\n<\/div>\n<div class=\"sk-paragraph-wrapper__text showHideElement\">\n<div class=\"sk-verscroll__text sk-text--left sk-regular-medium\">YOYO\u00b3 no solo est\u00e1 dise\u00f1ado para durar, sino que tambi\u00e9n crece con tu hijo. Con un solo chasis, puedes pasar de la opci\u00f3n para reci\u00e9n nacidos al color pack 6+, de la forma m\u00e1s sencilla y sostenible.<\/div>\n<\/div>\n<\/div>\n<\/div>\n<div>Toda la gama ya disponible en Som Llavors, en\u00a0 C\/ aigua, 6, de Vilanova i la Geltr\u00fa!<\/div>\n<\/div>\n<\/div>\n<\/div>\n<\/div>\n","protected":false},"excerpt":{"rendered":"<h2 class=\"chakra-text css-t5spvo\">Vers\u00e1til y ultracompacto a partir de los 6 meses<\/h2>\n<div class=\"styled-content css-1vr3r37\">\n<ul>\n<li>Se pliega y despliega en un abrir y cerrar de ojos<\/li>\n<li>Compacto, se puede guardar en cualquier lugar<\/li>\n<li>Ultraligero (6,2 kg), f\u00e1cil de llevar al hombro<\/li>\n<li>Robusto y muy maniobrable con ruedas reflectantes<\/li>\n<li>Almacenamiento adicional con bolsillo trasero con cremallera y cesta debajo del asiento<\/li>\n<\/ul>\n<\/div>\n","protected":false},"featured_media":69453,"template":"","meta":{"_acf_changed":false,"site-sidebar-layout":"default","site-content-layout":"","ast-site-content-layout":"default","site-content-style":"default","site-sidebar-style":"default","ast-global-header-display":"","ast-banner-title-visibility":"","ast-main-header-display":"","ast-hfb-above-header-display":"","ast-hfb-below-header-display":"","ast-hfb-mobile-header-display":"","site-post-title":"","ast-breadcrumbs-content":"","ast-featured-img":"","footer-sml-layout":"","ast-disable-related-posts":"","theme-transparent-header-meta":"default","adv-header-id-meta":"","stick-header-meta":"","header-above-stick-meta":"","header-main-stick-meta":"","header-below-stick-meta":"","astra-migrate-meta-layouts":"set","ast-page-background-enabled":"default","ast-page-background-meta":{"desktop":{"background-color":"","background-image":"","background-repeat":"repeat","background-position":"center center","background-size":"auto","background-attachment":"scroll","background-type":"","background-media":"","overlay-type":"","overlay-color":"","overlay-opacity":"","overlay-gradient":""},"tablet":{"background-color":"","background-image":"","background-repeat":"repeat","background-position":"center center","background-size":"auto","background-attachment":"scroll","background-type":"","background-media":"","overlay-type":"","overlay-color":"","overlay-opacity":"","overlay-gradient":""},"mobile":{"background-color":"","background-image":"","background-repeat":"repeat","background-position":"center center","background-size":"auto","background-attachment":"scroll","background-type":"","background-media":"","overlay-type":"","overlay-color":"","overlay-opacity":"","overlay-gradient":""}},"ast-content-background-meta":{"desktop":{"background-color":"var(--ast-global-color-5)","background-image":"","background-repeat":"repeat","background-position":"center center","background-size":"auto","background-attachment":"scroll","background-type":"","background-media":"","overlay-type":"","overlay-color":"","overlay-opacity":"","overlay-gradient":""},"tablet":{"background-color":"var(--ast-global-color-5)","background-image":"","background-repeat":"repeat","background-position":"center center","background-size":"auto","background-attachment":"scroll","background-type":"","background-media":"","overlay-type":"","overlay-color":"","overlay-opacity":"","overlay-gradient":""},"mobile":{"background-color":"var(--ast-global-color-5)","background-image":"","background-repeat":"repeat","background-position":"center center","background-size":"auto","background-attachment":"scroll","background-type":"","background-media":"","overlay-type":"","overlay-color":"","overlay-opacity":"","overlay-gradient":""}}},"pwb-brand":[4501],"product_brand":[],"product_cat":[4615,5240],"product_tag":[5247,5246,5248],"class_list":{"0":"post-69371","1":"product","2":"type-product","3":"status-publish","4":"has-post-thumbnail","6":"pwb-brand-stokke","7":"product_cat-carritos-de-bebe","8":"product_cat-yoyo3-stokke","9":"product_tag-silla-de-paseo","10":"product_tag-silla-lijera","11":"product_tag-yoyo3","12":"pa_color-aqua","13":"pa_color-ginger","14":"pa_color-negro","15":"pa_color-olive","16":"pa_color-stone","17":"pa_color-taupe","18":"pa_color-toffee","19":"desktop-align-left","20":"tablet-align-left","21":"mobile-align-left","23":"first","24":"instock","25":"taxable","26":"shipping-taxable","27":"purchasable","28":"product-type-variable"},"acf":[],"yoast_head":"<!-- This site is optimized with the Yoast SEO Premium plugin v18.3 (Yoast SEO v27.4) - https:\/\/yoast.com\/product\/yoast-seo-premium-wordpress\/ -->\n<title>Cochecito YOYO\u00b3 a partir de los 6 meses - Stokke\u00ae &#8212; Som Llavors<\/title>\n<meta name=\"description\" content=\"YOYO 3 es\u00a0la silla ligera m\u00e1s vers\u00e1til, acompa\u00f1ando a tu hijo durante su infancia. Su\u00a0dise\u00f1o resistente y manejable\u00a0asegura una comodidad en tu d\u00eda a d\u00eda.\" \/>\n<meta name=\"robots\" content=\"index, follow, max-snippet:-1, max-image-preview:large, max-video-preview:-1\" \/>\n<link rel=\"canonical\" href=\"https:\/\/somllavors.com\/es\/producte\/silla-de-paseo-lijera-yoyo-3-stokke\" \/>\n<meta property=\"og:locale\" content=\"es_ES\" \/>\n<meta property=\"og:type\" content=\"article\" \/>\n<meta property=\"og:title\" content=\"Cochecito YOYO\u00b3 a partir de los 6 meses - Stokke\u00ae\" \/>\n<meta property=\"og:description\" content=\"La teva botiga d\u2019ecocrian\u00e7a i espai d\u2019acompanyament a la maternitat\" \/>\n<meta property=\"og:url\" content=\"https:\/\/somllavors.com\/es\/producte\/silla-de-paseo-lijera-yoyo-3-stokke\" \/>\n<meta property=\"og:site_name\" content=\"Som Llavors\" \/>\n<meta property=\"article:publisher\" content=\"https:\/\/www.facebook.com\/somllavorsvng\/?locale=ca_ES\" \/>\n<meta property=\"article:modified_time\" content=\"2025-01-26T23:00:11+00:00\" \/>\n<meta property=\"og:image\" content=\"https:\/\/somllavors.com\/wp-content\/uploads\/2024\/10\/YOYO3_6PLUS_Olive_BlackFrame_3-4_0432.jpg\" \/>\n\t<meta property=\"og:image:width\" content=\"938\" \/>\n\t<meta property=\"og:image:height\" content=\"1072\" \/>\n\t<meta property=\"og:image:type\" content=\"image\/jpeg\" \/>\n<meta name=\"twitter:card\" content=\"summary_large_image\" \/>\n<meta name=\"twitter:label1\" content=\"Availability\" \/>\n\t<meta name=\"twitter:data1\" content=\"Hay existencias\" \/>\n<script type=\"application\/ld+json\" class=\"yoast-schema-graph\">{\"@context\":\"https:\\\/\\\/schema.org\",\"@graph\":[{\"@type\":\"WebPage\",\"@id\":\"https:\\\/\\\/somllavors.com\\\/es\\\/producte\\\/silla-de-paseo-lijera-yoyo-3-stokke\",\"url\":\"https:\\\/\\\/somllavors.com\\\/es\\\/producte\\\/silla-de-paseo-lijera-yoyo-3-stokke\",\"name\":\"Cochecito YOYO\u00b3 a partir de los 6 meses - Stokke\u00ae &#8212; Som Llavors\",\"isPartOf\":{\"@id\":\"https:\\\/\\\/somllavors.com\\\/es#website\"},\"primaryImageOfPage\":{\"@id\":\"https:\\\/\\\/somllavors.com\\\/es\\\/producte\\\/silla-de-paseo-lijera-yoyo-3-stokke#primaryimage\"},\"image\":{\"@id\":\"https:\\\/\\\/somllavors.com\\\/es\\\/producte\\\/silla-de-paseo-lijera-yoyo-3-stokke#primaryimage\"},\"thumbnailUrl\":\"https:\\\/\\\/somllavors.com\\\/wp-content\\\/uploads\\\/2024\\\/10\\\/YOYO3_6PLUS_Olive_BlackFrame_3-4_0432.jpg\",\"datePublished\":\"2024-10-30T08:28:48+00:00\",\"dateModified\":\"2025-01-26T23:00:11+00:00\",\"description\":\"YOYO 3 es\u00a0la silla ligera m\u00e1s vers\u00e1til, acompa\u00f1ando a tu hijo durante su infancia. Su\u00a0dise\u00f1o resistente y manejable\u00a0asegura una comodidad en tu d\u00eda a d\u00eda.\",\"breadcrumb\":{\"@id\":\"https:\\\/\\\/somllavors.com\\\/es\\\/producte\\\/silla-de-paseo-lijera-yoyo-3-stokke#breadcrumb\"},\"inLanguage\":\"es\",\"potentialAction\":[{\"@type\":\"ReadAction\",\"target\":[\"https:\\\/\\\/somllavors.com\\\/es\\\/producte\\\/silla-de-paseo-lijera-yoyo-3-stokke\"]}]},{\"@type\":\"ImageObject\",\"inLanguage\":\"es\",\"@id\":\"https:\\\/\\\/somllavors.com\\\/es\\\/producte\\\/silla-de-paseo-lijera-yoyo-3-stokke#primaryimage\",\"url\":\"https:\\\/\\\/somllavors.com\\\/wp-content\\\/uploads\\\/2024\\\/10\\\/YOYO3_6PLUS_Olive_BlackFrame_3-4_0432.jpg\",\"contentUrl\":\"https:\\\/\\\/somllavors.com\\\/wp-content\\\/uploads\\\/2024\\\/10\\\/YOYO3_6PLUS_Olive_BlackFrame_3-4_0432.jpg\",\"width\":938,\"height\":1072,\"caption\":\"Stokke\u00ae YOYO3\u00ae 6+ Olive. Black Frame.\"},{\"@type\":\"BreadcrumbList\",\"@id\":\"https:\\\/\\\/somllavors.com\\\/es\\\/producte\\\/silla-de-paseo-lijera-yoyo-3-stokke#breadcrumb\",\"itemListElement\":[{\"@type\":\"ListItem\",\"position\":1,\"name\":\"Inici\",\"item\":\"https:\\\/\\\/somllavors.com\\\/es\"},{\"@type\":\"ListItem\",\"position\":2,\"name\":\"Tienda\",\"item\":\"https:\\\/\\\/somllavors.com\\\/es\\\/botiga-2\"},{\"@type\":\"ListItem\",\"position\":3,\"name\":\"Cochecito YOYO\u00b3 a partir de los 6 meses &#8211; Stokke\u00ae\"}]},{\"@type\":\"WebSite\",\"@id\":\"https:\\\/\\\/somllavors.com\\\/es#website\",\"url\":\"https:\\\/\\\/somllavors.com\\\/es\",\"name\":\"Som Llavors\",\"description\":\"Botiga de crian\u00e7a natural\",\"publisher\":{\"@id\":\"https:\\\/\\\/somllavors.com\\\/es#organization\"},\"alternateName\":\"Crian\u00e7a Natural i Sostenible\",\"potentialAction\":[{\"@type\":\"SearchAction\",\"target\":{\"@type\":\"EntryPoint\",\"urlTemplate\":\"https:\\\/\\\/somllavors.com\\\/es?s={search_term_string}\"},\"query-input\":{\"@type\":\"PropertyValueSpecification\",\"valueRequired\":true,\"valueName\":\"search_term_string\"}}],\"inLanguage\":\"es\"},{\"@type\":[\"Organization\",\"Place\",\"Store\"],\"@id\":\"https:\\\/\\\/somllavors.com\\\/es#organization\",\"name\":\"Som Llavors\",\"alternateName\":\"Crian\u00e7a Natural i Sostenible\",\"url\":\"https:\\\/\\\/somllavors.com\\\/es\",\"logo\":{\"@id\":\"https:\\\/\\\/somllavors.com\\\/es\\\/producte\\\/silla-de-paseo-lijera-yoyo-3-stokke#local-main-organization-logo\"},\"image\":{\"@id\":\"https:\\\/\\\/somllavors.com\\\/es\\\/producte\\\/silla-de-paseo-lijera-yoyo-3-stokke#local-main-organization-logo\"},\"sameAs\":[\"https:\\\/\\\/www.facebook.com\\\/somllavorsvng\\\/?locale=ca_ES\",\"https:\\\/\\\/www.instagram.com\\\/somllavors_vng\\\/\",\"https:\\\/\\\/www.youtube.com\\\/@somllavors\"],\"address\":{\"@id\":\"https:\\\/\\\/somllavors.com\\\/es\\\/producte\\\/silla-de-paseo-lijera-yoyo-3-stokke#local-main-place-address\"},\"geo\":{\"@type\":\"GeoCoordinates\",\"latitude\":\"41.2257737\",\"longitude\":\"1.723258859\"},\"telephone\":[\"623152704\"],\"openingHoursSpecification\":[{\"@type\":\"OpeningHoursSpecification\",\"dayOfWeek\":[\"Monday\",\"Sunday\"],\"opens\":\"00:00\",\"closes\":\"00:00\"},{\"@type\":\"OpeningHoursSpecification\",\"dayOfWeek\":[\"Tuesday\",\"Wednesday\",\"Thursday\",\"Friday\"],\"opens\":\"10:00\",\"closes\":\"20:00\"},{\"@type\":\"OpeningHoursSpecification\",\"dayOfWeek\":[\"Saturday\"],\"opens\":\"10:00\",\"closes\":\"13:30\"}],\"email\":\"info@somllavors.com\"},{\"@type\":\"PostalAddress\",\"@id\":\"https:\\\/\\\/somllavors.com\\\/es\\\/producte\\\/silla-de-paseo-lijera-yoyo-3-stokke#local-main-place-address\",\"streetAddress\":\"Carrer de l'aigua, 6\",\"addressLocality\":\"Vilanova i la Geltr\u00fa\",\"postalCode\":\"08800\",\"addressRegion\":\"Barcelona\",\"addressCountry\":\"ES\"},{\"@type\":\"ImageObject\",\"inLanguage\":\"es\",\"@id\":\"https:\\\/\\\/somllavors.com\\\/es\\\/producte\\\/silla-de-paseo-lijera-yoyo-3-stokke#local-main-organization-logo\",\"url\":\"https:\\\/\\\/somllavors.com\\\/wp-content\\\/uploads\\\/Logotip-Som-Llavors.jpg\",\"contentUrl\":\"https:\\\/\\\/somllavors.com\\\/wp-content\\\/uploads\\\/Logotip-Som-Llavors.jpg\",\"width\":1444,\"height\":1323,\"caption\":\"Som Llavors\"}]}<\/script>\n<meta property=\"og:availability\" content=\"instock\" \/>\n<meta property=\"product:availability\" content=\"instock\" \/>\n<meta property=\"product:condition\" content=\"new\" \/>\n<meta name=\"geo.placename\" content=\"Vilanova i la Geltr\u00fa\" \/>\n<meta name=\"geo.position\" content=\"41.2257737;1.723258859\" \/>\n<meta name=\"geo.region\" content=\"Espa\u00f1a\" \/>\n<!-- \/ Yoast SEO Premium plugin. -->","yoast_head_json":{"title":"Cochecito YOYO\u00b3 a partir de los 6 meses - Stokke\u00ae &#8212; Som Llavors","description":"YOYO 3 es\u00a0la silla ligera m\u00e1s vers\u00e1til, acompa\u00f1ando a tu hijo durante su infancia. Su\u00a0dise\u00f1o resistente y manejable\u00a0asegura una comodidad en tu d\u00eda a d\u00eda.","robots":{"index":"index","follow":"follow","max-snippet":"max-snippet:-1","max-image-preview":"max-image-preview:large","max-video-preview":"max-video-preview:-1"},"canonical":"https:\/\/somllavors.com\/es\/producte\/silla-de-paseo-lijera-yoyo-3-stokke","og_locale":"es_ES","og_type":"article","og_title":"Cochecito YOYO\u00b3 a partir de los 6 meses - Stokke\u00ae","og_description":"La teva botiga d\u2019ecocrian\u00e7a i espai d\u2019acompanyament a la maternitat","og_url":"https:\/\/somllavors.com\/es\/producte\/silla-de-paseo-lijera-yoyo-3-stokke","og_site_name":"Som Llavors","article_publisher":"https:\/\/www.facebook.com\/somllavorsvng\/?locale=ca_ES","article_modified_time":"2025-01-26T23:00:11+00:00","og_image":[{"width":938,"height":1072,"url":"https:\/\/somllavors.com\/wp-content\/uploads\/2024\/10\/YOYO3_6PLUS_Olive_BlackFrame_3-4_0432.jpg","type":"image\/jpeg"}],"twitter_card":"summary_large_image","twitter_misc":{"Availability":"Hay existencias"},"schema":{"@context":"https:\/\/schema.org","@graph":[{"@type":"WebPage","@id":"https:\/\/somllavors.com\/es\/producte\/silla-de-paseo-lijera-yoyo-3-stokke","url":"https:\/\/somllavors.com\/es\/producte\/silla-de-paseo-lijera-yoyo-3-stokke","name":"Cochecito YOYO\u00b3 a partir de los 6 meses - Stokke\u00ae &#8212; Som Llavors","isPartOf":{"@id":"https:\/\/somllavors.com\/es#website"},"primaryImageOfPage":{"@id":"https:\/\/somllavors.com\/es\/producte\/silla-de-paseo-lijera-yoyo-3-stokke#primaryimage"},"image":{"@id":"https:\/\/somllavors.com\/es\/producte\/silla-de-paseo-lijera-yoyo-3-stokke#primaryimage"},"thumbnailUrl":"https:\/\/somllavors.com\/wp-content\/uploads\/2024\/10\/YOYO3_6PLUS_Olive_BlackFrame_3-4_0432.jpg","datePublished":"2024-10-30T08:28:48+00:00","dateModified":"2025-01-26T23:00:11+00:00","description":"YOYO 3 es\u00a0la silla ligera m\u00e1s vers\u00e1til, acompa\u00f1ando a tu hijo durante su infancia. Su\u00a0dise\u00f1o resistente y manejable\u00a0asegura una comodidad en tu d\u00eda a d\u00eda.","breadcrumb":{"@id":"https:\/\/somllavors.com\/es\/producte\/silla-de-paseo-lijera-yoyo-3-stokke#breadcrumb"},"inLanguage":"es","potentialAction":[{"@type":"ReadAction","target":["https:\/\/somllavors.com\/es\/producte\/silla-de-paseo-lijera-yoyo-3-stokke"]}]},{"@type":"ImageObject","inLanguage":"es","@id":"https:\/\/somllavors.com\/es\/producte\/silla-de-paseo-lijera-yoyo-3-stokke#primaryimage","url":"https:\/\/somllavors.com\/wp-content\/uploads\/2024\/10\/YOYO3_6PLUS_Olive_BlackFrame_3-4_0432.jpg","contentUrl":"https:\/\/somllavors.com\/wp-content\/uploads\/2024\/10\/YOYO3_6PLUS_Olive_BlackFrame_3-4_0432.jpg","width":938,"height":1072,"caption":"Stokke\u00ae YOYO3\u00ae 6+ Olive. Black Frame."},{"@type":"BreadcrumbList","@id":"https:\/\/somllavors.com\/es\/producte\/silla-de-paseo-lijera-yoyo-3-stokke#breadcrumb","itemListElement":[{"@type":"ListItem","position":1,"name":"Inici","item":"https:\/\/somllavors.com\/es"},{"@type":"ListItem","position":2,"name":"Tienda","item":"https:\/\/somllavors.com\/es\/botiga-2"},{"@type":"ListItem","position":3,"name":"Cochecito YOYO\u00b3 a partir de los 6 meses &#8211; Stokke\u00ae"}]},{"@type":"WebSite","@id":"https:\/\/somllavors.com\/es#website","url":"https:\/\/somllavors.com\/es","name":"Som Llavors","description":"Botiga de crian\u00e7a natural","publisher":{"@id":"https:\/\/somllavors.com\/es#organization"},"alternateName":"Crian\u00e7a Natural i Sostenible","potentialAction":[{"@type":"SearchAction","target":{"@type":"EntryPoint","urlTemplate":"https:\/\/somllavors.com\/es?s={search_term_string}"},"query-input":{"@type":"PropertyValueSpecification","valueRequired":true,"valueName":"search_term_string"}}],"inLanguage":"es"},{"@type":["Organization","Place","Store"],"@id":"https:\/\/somllavors.com\/es#organization","name":"Som Llavors","alternateName":"Crian\u00e7a Natural i Sostenible","url":"https:\/\/somllavors.com\/es","logo":{"@id":"https:\/\/somllavors.com\/es\/producte\/silla-de-paseo-lijera-yoyo-3-stokke#local-main-organization-logo"},"image":{"@id":"https:\/\/somllavors.com\/es\/producte\/silla-de-paseo-lijera-yoyo-3-stokke#local-main-organization-logo"},"sameAs":["https:\/\/www.facebook.com\/somllavorsvng\/?locale=ca_ES","https:\/\/www.instagram.com\/somllavors_vng\/","https:\/\/www.youtube.com\/@somllavors"],"address":{"@id":"https:\/\/somllavors.com\/es\/producte\/silla-de-paseo-lijera-yoyo-3-stokke#local-main-place-address"},"geo":{"@type":"GeoCoordinates","latitude":"41.2257737","longitude":"1.723258859"},"telephone":["623152704","623152704"],"openingHoursSpecification":[{"@type":"OpeningHoursSpecification","dayOfWeek":["Monday","Sunday"],"opens":"00:00","closes":"00:00"},{"@type":"OpeningHoursSpecification","dayOfWeek":["Tuesday","Wednesday","Thursday","Friday"],"opens":"10:00","closes":"20:00"},{"@type":"OpeningHoursSpecification","dayOfWeek":["Saturday"],"opens":"10:00","closes":"13:30"}],"email":"info@somllavors.com"},{"@type":"PostalAddress","@id":"https:\/\/somllavors.com\/es\/producte\/silla-de-paseo-lijera-yoyo-3-stokke#local-main-place-address","streetAddress":"Carrer de l'aigua, 6","addressLocality":"Vilanova i la Geltr\u00fa","postalCode":"08800","addressRegion":"Barcelona","addressCountry":"ES"},{"@type":"ImageObject","inLanguage":"es","@id":"https:\/\/somllavors.com\/es\/producte\/silla-de-paseo-lijera-yoyo-3-stokke#local-main-organization-logo","url":"https:\/\/somllavors.com\/wp-content\/uploads\/Logotip-Som-Llavors.jpg","contentUrl":"https:\/\/somllavors.com\/wp-content\/uploads\/Logotip-Som-Llavors.jpg","width":1444,"height":1323,"caption":"Som Llavors"}]},"og_availability":"instock","product_availability":"instock","product_condition":"new","geo.placename":"Vilanova i la Geltr\u00fa","geo.position":{"lat":"41.2257737","long":"1.723258859"},"geo.region":"Espa\u00f1a"},"brands":[{"id":4501,"name":"Stokke","slug":"stokke"}],"_links":{"self":[{"href":"https:\/\/somllavors.com\/es\/wp-json\/wp\/v2\/product\/69371","targetHints":{"allow":["GET"]}}],"collection":[{"href":"https:\/\/somllavors.com\/es\/wp-json\/wp\/v2\/product"}],"about":[{"href":"https:\/\/somllavors.com\/es\/wp-json\/wp\/v2\/types\/product"}],"wp:featuredmedia":[{"embeddable":true,"href":"https:\/\/somllavors.com\/es\/wp-json\/wp\/v2\/media\/69453"}],"wp:attachment":[{"href":"https:\/\/somllavors.com\/es\/wp-json\/wp\/v2\/media?parent=69371"}],"wp:term":[{"taxonomy":"pwb-brand","embeddable":true,"href":"https:\/\/somllavors.com\/es\/wp-json\/wp\/v2\/pwb-brand?post=69371"},{"taxonomy":"product_brand","embeddable":true,"href":"https:\/\/somllavors.com\/es\/wp-json\/wp\/v2\/product_brand?post=69371"},{"taxonomy":"product_cat","embeddable":true,"href":"https:\/\/somllavors.com\/es\/wp-json\/wp\/v2\/product_cat?post=69371"},{"taxonomy":"product_tag","embeddable":true,"href":"https:\/\/somllavors.com\/es\/wp-json\/wp\/v2\/product_tag?post=69371"}],"curies":[{"name":"wp","href":"https:\/\/api.w.org\/{rel}","templated":true}]}}