{"id":75605,"date":"2025-02-04T19:17:47","date_gmt":"2025-02-04T18:17:47","guid":{"rendered":"https:\/\/somllavors.com\/producto\/cascos-por-el-ruido-0-3-anos-dark-green-banz\/"},"modified":"2025-02-04T19:17:47","modified_gmt":"2025-02-04T18:17:47","slug":"cascos-por-el-ruido-0-3-anos-dark-green-banz","status":"publish","type":"product","link":"https:\/\/somllavors.com\/es\/producte\/cascos-por-el-ruido-0-3-anos-dark-green-banz","title":{"rendered":"Cascos por el ruido 0-3 a\u00f1os -Dark Green &#8211; Banz"},"content":{"rendered":"<ul>\n<li>La parte de los cascos que est\u00e1 en contacto con su cabeza y orejas es blanda a fin de resultar m\u00e1s c\u00f3modo para los beb\u00e9s y la apertura es regulable para adaptarse a su tama\u00f1o.<\/li>\n<li>De reducido tama\u00f1o para que sea f\u00e1cil de transportar y guardar.<\/li>\n<li><span style=\"font-size: 16px;\">Especificaciones BABY<\/span>\n<ul>\n<li><span style=\"font-size: 16px;\">Peso 142 gr.<\/span><\/li>\n<li><span style=\"font-size: 16px;\">NRR 26.8 dB.<\/span><\/li>\n<li><span style=\"font-size: 16px;\">Atenuaci\u00f3n media a 500 Hz 26,53 dB. <\/span><span style=\"font-size: 16px;\">Atenuaci\u00f3n mmedia a 1000 Hz 40,53 dB.<\/span><\/li>\n<li>Normativa: ANSI S3.19 (EE.UU.). EN352-1: 1993 (Europa).<\/li>\n<\/ul>\n<\/li>\n<\/ul>\n","protected":false},"excerpt":{"rendered":"<p>Los cascos por el ruido de Banz para beb\u00e9s son perfectos para todos los conciertos, espect\u00e1culos&#8230; con ni\u00f1os donde el nivel de decibelios es demasiado alto para sus orejas. Incluso para utilizar dentro de casa y evitar ruidos de obras, taladro, aspiradora,&#8230; <\/p>\n","protected":false},"featured_media":72024,"template":"","meta":{"_acf_changed":false,"site-sidebar-layout":"default","site-content-layout":"default","ast-site-content-layout":"default","site-content-style":"default","site-sidebar-style":"default","ast-global-header-display":"","ast-banner-title-visibility":"","ast-main-header-display":"","ast-hfb-above-header-display":"","ast-hfb-below-header-display":"","ast-hfb-mobile-header-display":"","site-post-title":"","ast-breadcrumbs-content":"","ast-featured-img":"","footer-sml-layout":"","ast-disable-related-posts":"","theme-transparent-header-meta":"default","adv-header-id-meta":"","stick-header-meta":"","header-above-stick-meta":"","header-main-stick-meta":"","header-below-stick-meta":"","astra-migrate-meta-layouts":"default","ast-page-background-enabled":"default","ast-page-background-meta":{"desktop":{"background-color":"","background-image":"","background-repeat":"repeat","background-position":"center center","background-size":"auto","background-attachment":"scroll","background-type":"","background-media":"","overlay-type":"","overlay-color":"","overlay-opacity":"","overlay-gradient":""},"tablet":{"background-color":"","background-image":"","background-repeat":"repeat","background-position":"center center","background-size":"auto","background-attachment":"scroll","background-type":"","background-media":"","overlay-type":"","overlay-color":"","overlay-opacity":"","overlay-gradient":""},"mobile":{"background-color":"","background-image":"","background-repeat":"repeat","background-position":"center center","background-size":"auto","background-attachment":"scroll","background-type":"","background-media":"","overlay-type":"","overlay-color":"","overlay-opacity":"","overlay-gradient":""}},"ast-content-background-meta":{"desktop":{"background-color":"var(--ast-global-color-5)","background-image":"","background-repeat":"repeat","background-position":"center center","background-size":"auto","background-attachment":"scroll","background-type":"","background-media":"","overlay-type":"","overlay-color":"","overlay-opacity":"","overlay-gradient":""},"tablet":{"background-color":"var(--ast-global-color-5)","background-image":"","background-repeat":"repeat","background-position":"center center","background-size":"auto","background-attachment":"scroll","background-type":"","background-media":"","overlay-type":"","overlay-color":"","overlay-opacity":"","overlay-gradient":""},"mobile":{"background-color":"var(--ast-global-color-5)","background-image":"","background-repeat":"repeat","background-position":"center center","background-size":"auto","background-attachment":"scroll","background-type":"","background-media":"","overlay-type":"","overlay-color":"","overlay-opacity":"","overlay-gradient":""}}},"pwb-brand":[4109],"product_brand":[],"product_cat":[3509,4831,3534,5359],"product_tag":[2259,2271],"class_list":{"0":"post-75605","1":"product","2":"type-product","3":"status-publish","4":"has-post-thumbnail","6":"pwb-brand-banz","7":"product_cat-bienvenido-verano","8":"product_cat-0-3-anos","9":"product_cat-cascos-banz","10":"product_cat-festa-major-es","11":"product_tag-banz-es","12":"product_tag-cascos-antiruido-es","13":"desktop-align-left","14":"tablet-align-left","15":"mobile-align-left","17":"first","18":"instock","19":"taxable","20":"shipping-taxable","21":"purchasable","22":"product-type-simple"},"acf":[],"yoast_head":"<!-- This site is optimized with the Yoast SEO Premium plugin v18.3 (Yoast SEO v27.4) - https:\/\/yoast.com\/product\/yoast-seo-premium-wordpress\/ -->\n<title>Cascos por el ruido 0-3 a\u00f1os -Dark Green - Banz &#8212; Som Llavors<\/title>\n<meta name=\"description\" content=\"Los cascos por el ruido de Banz para beb\u00e9s son perfectos para todos los conciertos, espect\u00e1culos... con ni\u00f1os donde el nivel de decibelios es demasiado alto para sus orejas. Incluso para utilizar dentro de casa y evitar ruidos de obras, taladro, aspiradora,...\" \/>\n<meta name=\"robots\" content=\"index, follow, max-snippet:-1, max-image-preview:large, max-video-preview:-1\" \/>\n<link rel=\"canonical\" href=\"https:\/\/somllavors.com\/es\/producte\/cascos-por-el-ruido-0-3-anos-dark-green-banz\" \/>\n<meta property=\"og:locale\" content=\"es_ES\" \/>\n<meta property=\"og:type\" content=\"article\" \/>\n<meta property=\"og:title\" content=\"Cascos por el ruido 0-3 a\u00f1os -Dark Green - Banz\" \/>\n<meta property=\"og:description\" content=\"La teva botiga d\u2019ecocrian\u00e7a i espai d\u2019acompanyament a la maternitat\" \/>\n<meta property=\"og:url\" content=\"https:\/\/somllavors.com\/es\/producte\/cascos-por-el-ruido-0-3-anos-dark-green-banz\" \/>\n<meta property=\"og:site_name\" content=\"Som Llavors\" \/>\n<meta property=\"article:publisher\" content=\"https:\/\/www.facebook.com\/somllavorsvng\/?locale=ca_ES\" \/>\n<meta property=\"og:image\" content=\"https:\/\/somllavors.com\/wp-content\/uploads\/2025\/02\/BZAE00004260.jpg\" \/>\n\t<meta property=\"og:image:width\" content=\"1080\" \/>\n\t<meta property=\"og:image:height\" content=\"1080\" \/>\n\t<meta property=\"og:image:type\" content=\"image\/jpeg\" \/>\n<meta name=\"twitter:card\" content=\"summary_large_image\" \/>\n<meta name=\"twitter:label1\" content=\"Precio\" \/>\n\t<meta name=\"twitter:data1\" content=\"28,00&euro; Iva incl\u00f2s\" \/>\n\t<meta name=\"twitter:label2\" content=\"Availability\" \/>\n\t<meta name=\"twitter:data2\" content=\"Hay existencias\" \/>\n<script type=\"application\/ld+json\" class=\"yoast-schema-graph\">{\"@context\":\"https:\\\/\\\/schema.org\",\"@graph\":[{\"@type\":\"WebPage\",\"@id\":\"https:\\\/\\\/somllavors.com\\\/es\\\/producte\\\/cascos-por-el-ruido-0-3-anos-dark-green-banz\",\"url\":\"https:\\\/\\\/somllavors.com\\\/es\\\/producte\\\/cascos-por-el-ruido-0-3-anos-dark-green-banz\",\"name\":\"Cascos por el ruido 0-3 a\u00f1os -Dark Green - Banz &#8212; Som Llavors\",\"isPartOf\":{\"@id\":\"https:\\\/\\\/somllavors.com\\\/es#website\"},\"primaryImageOfPage\":{\"@id\":\"https:\\\/\\\/somllavors.com\\\/es\\\/producte\\\/cascos-por-el-ruido-0-3-anos-dark-green-banz#primaryimage\"},\"image\":{\"@id\":\"https:\\\/\\\/somllavors.com\\\/es\\\/producte\\\/cascos-por-el-ruido-0-3-anos-dark-green-banz#primaryimage\"},\"thumbnailUrl\":\"https:\\\/\\\/somllavors.com\\\/wp-content\\\/uploads\\\/2025\\\/02\\\/BZAE00004260.jpg\",\"datePublished\":\"2025-02-04T18:17:47+00:00\",\"description\":\"Los cascos por el ruido de Banz para beb\u00e9s son perfectos para todos los conciertos, espect\u00e1culos... con ni\u00f1os donde el nivel de decibelios es demasiado alto para sus orejas. Incluso para utilizar dentro de casa y evitar ruidos de obras, taladro, aspiradora,...\",\"breadcrumb\":{\"@id\":\"https:\\\/\\\/somllavors.com\\\/es\\\/producte\\\/cascos-por-el-ruido-0-3-anos-dark-green-banz#breadcrumb\"},\"inLanguage\":\"es\",\"potentialAction\":[{\"@type\":\"ReadAction\",\"target\":[\"https:\\\/\\\/somllavors.com\\\/es\\\/producte\\\/cascos-por-el-ruido-0-3-anos-dark-green-banz\"]}]},{\"@type\":\"ImageObject\",\"inLanguage\":\"es\",\"@id\":\"https:\\\/\\\/somllavors.com\\\/es\\\/producte\\\/cascos-por-el-ruido-0-3-anos-dark-green-banz#primaryimage\",\"url\":\"https:\\\/\\\/somllavors.com\\\/wp-content\\\/uploads\\\/2025\\\/02\\\/BZAE00004260.jpg\",\"contentUrl\":\"https:\\\/\\\/somllavors.com\\\/wp-content\\\/uploads\\\/2025\\\/02\\\/BZAE00004260.jpg\",\"width\":1080,\"height\":1080,\"caption\":\"cascos antiruido banz\"},{\"@type\":\"BreadcrumbList\",\"@id\":\"https:\\\/\\\/somllavors.com\\\/es\\\/producte\\\/cascos-por-el-ruido-0-3-anos-dark-green-banz#breadcrumb\",\"itemListElement\":[{\"@type\":\"ListItem\",\"position\":1,\"name\":\"Inici\",\"item\":\"https:\\\/\\\/somllavors.com\\\/es\"},{\"@type\":\"ListItem\",\"position\":2,\"name\":\"Tienda\",\"item\":\"https:\\\/\\\/somllavors.com\\\/es\\\/botiga-2\"},{\"@type\":\"ListItem\",\"position\":3,\"name\":\"Cascos por el ruido 0-3 a\u00f1os -Dark Green &#8211; Banz\"}]},{\"@type\":\"WebSite\",\"@id\":\"https:\\\/\\\/somllavors.com\\\/es#website\",\"url\":\"https:\\\/\\\/somllavors.com\\\/es\",\"name\":\"Som Llavors\",\"description\":\"Botiga de crian\u00e7a natural\",\"publisher\":{\"@id\":\"https:\\\/\\\/somllavors.com\\\/es#organization\"},\"alternateName\":\"Crian\u00e7a Natural i Sostenible\",\"potentialAction\":[{\"@type\":\"SearchAction\",\"target\":{\"@type\":\"EntryPoint\",\"urlTemplate\":\"https:\\\/\\\/somllavors.com\\\/es?s={search_term_string}\"},\"query-input\":{\"@type\":\"PropertyValueSpecification\",\"valueRequired\":true,\"valueName\":\"search_term_string\"}}],\"inLanguage\":\"es\"},{\"@type\":[\"Organization\",\"Place\",\"Store\"],\"@id\":\"https:\\\/\\\/somllavors.com\\\/es#organization\",\"name\":\"Som Llavors\",\"alternateName\":\"Crian\u00e7a Natural i Sostenible\",\"url\":\"https:\\\/\\\/somllavors.com\\\/es\",\"logo\":{\"@id\":\"https:\\\/\\\/somllavors.com\\\/es\\\/producte\\\/cascos-por-el-ruido-0-3-anos-dark-green-banz#local-main-organization-logo\"},\"image\":{\"@id\":\"https:\\\/\\\/somllavors.com\\\/es\\\/producte\\\/cascos-por-el-ruido-0-3-anos-dark-green-banz#local-main-organization-logo\"},\"sameAs\":[\"https:\\\/\\\/www.facebook.com\\\/somllavorsvng\\\/?locale=ca_ES\",\"https:\\\/\\\/www.instagram.com\\\/somllavors_vng\\\/\",\"https:\\\/\\\/www.youtube.com\\\/@somllavors\"],\"address\":{\"@id\":\"https:\\\/\\\/somllavors.com\\\/es\\\/producte\\\/cascos-por-el-ruido-0-3-anos-dark-green-banz#local-main-place-address\"},\"geo\":{\"@type\":\"GeoCoordinates\",\"latitude\":\"41.2257737\",\"longitude\":\"1.723258859\"},\"telephone\":[\"623152704\"],\"openingHoursSpecification\":[{\"@type\":\"OpeningHoursSpecification\",\"dayOfWeek\":[\"Monday\",\"Sunday\"],\"opens\":\"00:00\",\"closes\":\"00:00\"},{\"@type\":\"OpeningHoursSpecification\",\"dayOfWeek\":[\"Tuesday\",\"Wednesday\",\"Thursday\",\"Friday\"],\"opens\":\"10:00\",\"closes\":\"20:00\"},{\"@type\":\"OpeningHoursSpecification\",\"dayOfWeek\":[\"Saturday\"],\"opens\":\"10:00\",\"closes\":\"13:30\"}],\"email\":\"info@somllavors.com\"},{\"@type\":\"PostalAddress\",\"@id\":\"https:\\\/\\\/somllavors.com\\\/es\\\/producte\\\/cascos-por-el-ruido-0-3-anos-dark-green-banz#local-main-place-address\",\"streetAddress\":\"Carrer de l'aigua, 6\",\"addressLocality\":\"Vilanova i la Geltr\u00fa\",\"postalCode\":\"08800\",\"addressRegion\":\"Barcelona\",\"addressCountry\":\"ES\"},{\"@type\":\"ImageObject\",\"inLanguage\":\"es\",\"@id\":\"https:\\\/\\\/somllavors.com\\\/es\\\/producte\\\/cascos-por-el-ruido-0-3-anos-dark-green-banz#local-main-organization-logo\",\"url\":\"https:\\\/\\\/somllavors.com\\\/wp-content\\\/uploads\\\/Logotip-Som-Llavors.jpg\",\"contentUrl\":\"https:\\\/\\\/somllavors.com\\\/wp-content\\\/uploads\\\/Logotip-Som-Llavors.jpg\",\"width\":1444,\"height\":1323,\"caption\":\"Som Llavors\"}]}<\/script>\n<meta property=\"product:price:amount\" content=\"28.00\" \/>\n<meta property=\"product:price:currency\" content=\"EUR\" \/>\n<meta property=\"og:availability\" content=\"instock\" \/>\n<meta property=\"product:availability\" content=\"instock\" \/>\n<meta property=\"product:retailer_item_id\" content=\"EM062\" \/>\n<meta property=\"product:condition\" content=\"new\" \/>\n<meta name=\"geo.placename\" content=\"Vilanova i la Geltr\u00fa\" \/>\n<meta name=\"geo.position\" content=\"41.2257737;1.723258859\" \/>\n<meta name=\"geo.region\" content=\"Espa\u00f1a\" \/>\n<!-- \/ Yoast SEO Premium plugin. -->","yoast_head_json":{"title":"Cascos por el ruido 0-3 a\u00f1os -Dark Green - Banz &#8212; Som Llavors","description":"Los cascos por el ruido de Banz para beb\u00e9s son perfectos para todos los conciertos, espect\u00e1culos... con ni\u00f1os donde el nivel de decibelios es demasiado alto para sus orejas. Incluso para utilizar dentro de casa y evitar ruidos de obras, taladro, aspiradora,...","robots":{"index":"index","follow":"follow","max-snippet":"max-snippet:-1","max-image-preview":"max-image-preview:large","max-video-preview":"max-video-preview:-1"},"canonical":"https:\/\/somllavors.com\/es\/producte\/cascos-por-el-ruido-0-3-anos-dark-green-banz","og_locale":"es_ES","og_type":"article","og_title":"Cascos por el ruido 0-3 a\u00f1os -Dark Green - Banz","og_description":"La teva botiga d\u2019ecocrian\u00e7a i espai d\u2019acompanyament a la maternitat","og_url":"https:\/\/somllavors.com\/es\/producte\/cascos-por-el-ruido-0-3-anos-dark-green-banz","og_site_name":"Som Llavors","article_publisher":"https:\/\/www.facebook.com\/somllavorsvng\/?locale=ca_ES","og_image":[{"width":1080,"height":1080,"url":"https:\/\/somllavors.com\/wp-content\/uploads\/2025\/02\/BZAE00004260.jpg","type":"image\/jpeg"}],"twitter_card":"summary_large_image","twitter_misc":{"Precio":"28,00&euro; Iva incl\u00f2s","Availability":"Hay existencias"},"schema":{"@context":"https:\/\/schema.org","@graph":[{"@type":"WebPage","@id":"https:\/\/somllavors.com\/es\/producte\/cascos-por-el-ruido-0-3-anos-dark-green-banz","url":"https:\/\/somllavors.com\/es\/producte\/cascos-por-el-ruido-0-3-anos-dark-green-banz","name":"Cascos por el ruido 0-3 a\u00f1os -Dark Green - Banz &#8212; Som Llavors","isPartOf":{"@id":"https:\/\/somllavors.com\/es#website"},"primaryImageOfPage":{"@id":"https:\/\/somllavors.com\/es\/producte\/cascos-por-el-ruido-0-3-anos-dark-green-banz#primaryimage"},"image":{"@id":"https:\/\/somllavors.com\/es\/producte\/cascos-por-el-ruido-0-3-anos-dark-green-banz#primaryimage"},"thumbnailUrl":"https:\/\/somllavors.com\/wp-content\/uploads\/2025\/02\/BZAE00004260.jpg","datePublished":"2025-02-04T18:17:47+00:00","description":"Los cascos por el ruido de Banz para beb\u00e9s son perfectos para todos los conciertos, espect\u00e1culos... con ni\u00f1os donde el nivel de decibelios es demasiado alto para sus orejas. Incluso para utilizar dentro de casa y evitar ruidos de obras, taladro, aspiradora,...","breadcrumb":{"@id":"https:\/\/somllavors.com\/es\/producte\/cascos-por-el-ruido-0-3-anos-dark-green-banz#breadcrumb"},"inLanguage":"es","potentialAction":[{"@type":"ReadAction","target":["https:\/\/somllavors.com\/es\/producte\/cascos-por-el-ruido-0-3-anos-dark-green-banz"]}]},{"@type":"ImageObject","inLanguage":"es","@id":"https:\/\/somllavors.com\/es\/producte\/cascos-por-el-ruido-0-3-anos-dark-green-banz#primaryimage","url":"https:\/\/somllavors.com\/wp-content\/uploads\/2025\/02\/BZAE00004260.jpg","contentUrl":"https:\/\/somllavors.com\/wp-content\/uploads\/2025\/02\/BZAE00004260.jpg","width":1080,"height":1080,"caption":"cascos antiruido banz"},{"@type":"BreadcrumbList","@id":"https:\/\/somllavors.com\/es\/producte\/cascos-por-el-ruido-0-3-anos-dark-green-banz#breadcrumb","itemListElement":[{"@type":"ListItem","position":1,"name":"Inici","item":"https:\/\/somllavors.com\/es"},{"@type":"ListItem","position":2,"name":"Tienda","item":"https:\/\/somllavors.com\/es\/botiga-2"},{"@type":"ListItem","position":3,"name":"Cascos por el ruido 0-3 a\u00f1os -Dark Green &#8211; Banz"}]},{"@type":"WebSite","@id":"https:\/\/somllavors.com\/es#website","url":"https:\/\/somllavors.com\/es","name":"Som Llavors","description":"Botiga de crian\u00e7a natural","publisher":{"@id":"https:\/\/somllavors.com\/es#organization"},"alternateName":"Crian\u00e7a Natural i Sostenible","potentialAction":[{"@type":"SearchAction","target":{"@type":"EntryPoint","urlTemplate":"https:\/\/somllavors.com\/es?s={search_term_string}"},"query-input":{"@type":"PropertyValueSpecification","valueRequired":true,"valueName":"search_term_string"}}],"inLanguage":"es"},{"@type":["Organization","Place","Store"],"@id":"https:\/\/somllavors.com\/es#organization","name":"Som Llavors","alternateName":"Crian\u00e7a Natural i Sostenible","url":"https:\/\/somllavors.com\/es","logo":{"@id":"https:\/\/somllavors.com\/es\/producte\/cascos-por-el-ruido-0-3-anos-dark-green-banz#local-main-organization-logo"},"image":{"@id":"https:\/\/somllavors.com\/es\/producte\/cascos-por-el-ruido-0-3-anos-dark-green-banz#local-main-organization-logo"},"sameAs":["https:\/\/www.facebook.com\/somllavorsvng\/?locale=ca_ES","https:\/\/www.instagram.com\/somllavors_vng\/","https:\/\/www.youtube.com\/@somllavors"],"address":{"@id":"https:\/\/somllavors.com\/es\/producte\/cascos-por-el-ruido-0-3-anos-dark-green-banz#local-main-place-address"},"geo":{"@type":"GeoCoordinates","latitude":"41.2257737","longitude":"1.723258859"},"telephone":["623152704","623152704"],"openingHoursSpecification":[{"@type":"OpeningHoursSpecification","dayOfWeek":["Monday","Sunday"],"opens":"00:00","closes":"00:00"},{"@type":"OpeningHoursSpecification","dayOfWeek":["Tuesday","Wednesday","Thursday","Friday"],"opens":"10:00","closes":"20:00"},{"@type":"OpeningHoursSpecification","dayOfWeek":["Saturday"],"opens":"10:00","closes":"13:30"}],"email":"info@somllavors.com"},{"@type":"PostalAddress","@id":"https:\/\/somllavors.com\/es\/producte\/cascos-por-el-ruido-0-3-anos-dark-green-banz#local-main-place-address","streetAddress":"Carrer de l'aigua, 6","addressLocality":"Vilanova i la Geltr\u00fa","postalCode":"08800","addressRegion":"Barcelona","addressCountry":"ES"},{"@type":"ImageObject","inLanguage":"es","@id":"https:\/\/somllavors.com\/es\/producte\/cascos-por-el-ruido-0-3-anos-dark-green-banz#local-main-organization-logo","url":"https:\/\/somllavors.com\/wp-content\/uploads\/Logotip-Som-Llavors.jpg","contentUrl":"https:\/\/somllavors.com\/wp-content\/uploads\/Logotip-Som-Llavors.jpg","width":1444,"height":1323,"caption":"Som Llavors"}]},"product_price_amount":"28.00","product_price_currency":"EUR","og_availability":"instock","product_availability":"instock","product_retailer_item_id":"EM062","product_condition":"new","geo.placename":"Vilanova i la Geltr\u00fa","geo.position":{"lat":"41.2257737","long":"1.723258859"},"geo.region":"Espa\u00f1a"},"brands":[{"id":4109,"name":"Banz","slug":"banz"}],"_links":{"self":[{"href":"https:\/\/somllavors.com\/es\/wp-json\/wp\/v2\/product\/75605","targetHints":{"allow":["GET"]}}],"collection":[{"href":"https:\/\/somllavors.com\/es\/wp-json\/wp\/v2\/product"}],"about":[{"href":"https:\/\/somllavors.com\/es\/wp-json\/wp\/v2\/types\/product"}],"wp:featuredmedia":[{"embeddable":true,"href":"https:\/\/somllavors.com\/es\/wp-json\/wp\/v2\/media\/72024"}],"wp:attachment":[{"href":"https:\/\/somllavors.com\/es\/wp-json\/wp\/v2\/media?parent=75605"}],"wp:term":[{"taxonomy":"pwb-brand","embeddable":true,"href":"https:\/\/somllavors.com\/es\/wp-json\/wp\/v2\/pwb-brand?post=75605"},{"taxonomy":"product_brand","embeddable":true,"href":"https:\/\/somllavors.com\/es\/wp-json\/wp\/v2\/product_brand?post=75605"},{"taxonomy":"product_cat","embeddable":true,"href":"https:\/\/somllavors.com\/es\/wp-json\/wp\/v2\/product_cat?post=75605"},{"taxonomy":"product_tag","embeddable":true,"href":"https:\/\/somllavors.com\/es\/wp-json\/wp\/v2\/product_tag?post=75605"}],"curies":[{"name":"wp","href":"https:\/\/api.w.org\/{rel}","templated":true}]}}