{"id":92059,"date":"2026-04-24T13:52:49","date_gmt":"2026-04-24T11:52:49","guid":{"rendered":"https:\/\/somllavors.com\/producte\/collar-de-lactancia-nordic-rosa"},"modified":"2026-04-24T13:52:49","modified_gmt":"2026-04-24T11:52:49","slug":"collar-de-lactancia-nordic-rosa","status":"publish","type":"product","link":"https:\/\/somllavors.com\/es\/producte\/collar-de-lactancia-nordic-rosa","title":{"rendered":"Collar de lactancia Nordic Rosa"},"content":{"rendered":"<ul>\n<li>Para beb\u00e9s de +0 meses.<\/li>\n<li>Logitud: 72 cm para la comodidad del beb\u00e9 y la madre mientras lo utilizan.<\/li>\n<li>F\u00e1cil de limpiar.<\/li>\n<li>Pieza superior de madera de haya natural, sin tintes ni barnices.<\/li>\n<li>Bolas blandas 100% silicona de grado alimenticio.<\/li>\n<li>Libre de: BPA, PVC, ftalatos, plomo, l\u00e1tex y cadmio.<\/li>\n<li>Dise\u00f1ado y fabricado en Espa\u00f1a con materiales nacionales e importados.<\/li>\n<li>Los collares de lactancia son para uso adulto, no son un juguete.<\/li>\n<\/ul>\n","protected":false},"excerpt":{"rendered":"<p>Collar de silicona alimentaria y madera de haya que ser\u00e1 tu gran aliado cuando tengas al beb\u00e9 en los brazos, dando el pecho o el biber\u00f3n. Sus colores y texturas le llamar\u00e1n la atenci\u00f3n y agarrarlo favorece el desarrollo de la psicomotricidad fina. Evitar\u00e1s tirones de pelo y ara\u00f1azos cuando tengas al beb\u00e9 en brazos.  <\/p>\n<p>El model Nordic combina les boletes de marbre amb un color rosa que el fa molt especial.<\/p>\n<p>Con la maternidad comienza una aventura llena de nuevas experiencias; algunas te las cuentan y otras muchas las vas descubriendo. Cuando das el pecho o el biber\u00f3n a tu beb\u00e9 ver\u00e1s c\u00f3mo le gusta tirarte del pelo, pellizcar y ara\u00f1arte el cuello y escote,&#8230; \u00bfY por qu\u00e9 lo hace? Esto se debe al reflejo involuntario de sujeci\u00f3n palmar. Desde su nacimiento, el beb\u00e9 quiere coger lo que tiene a su alcance de forma reflejada (te habr\u00e1s fijado en que cuando colocas tu dedo en su palma min\u00fascula, sus deditos la cogen).    <\/p>\n<p>&nbsp;<\/p>\n","protected":false},"featured_media":91856,"template":"","meta":{"_acf_changed":false,"site-sidebar-layout":"default","site-content-layout":"","ast-site-content-layout":"default","site-content-style":"default","site-sidebar-style":"default","ast-global-header-display":"","ast-banner-title-visibility":"","ast-main-header-display":"","ast-hfb-above-header-display":"","ast-hfb-below-header-display":"","ast-hfb-mobile-header-display":"","site-post-title":"","ast-breadcrumbs-content":"","ast-featured-img":"","footer-sml-layout":"","ast-disable-related-posts":"","theme-transparent-header-meta":"default","adv-header-id-meta":"","stick-header-meta":"","header-above-stick-meta":"","header-main-stick-meta":"","header-below-stick-meta":"","astra-migrate-meta-layouts":"default","ast-page-background-enabled":"default","ast-page-background-meta":{"desktop":{"background-color":"","background-image":"","background-repeat":"repeat","background-position":"center center","background-size":"auto","background-attachment":"scroll","background-type":"","background-media":"","overlay-type":"","overlay-color":"","overlay-opacity":"","overlay-gradient":""},"tablet":{"background-color":"","background-image":"","background-repeat":"repeat","background-position":"center center","background-size":"auto","background-attachment":"scroll","background-type":"","background-media":"","overlay-type":"","overlay-color":"","overlay-opacity":"","overlay-gradient":""},"mobile":{"background-color":"","background-image":"","background-repeat":"repeat","background-position":"center center","background-size":"auto","background-attachment":"scroll","background-type":"","background-media":"","overlay-type":"","overlay-color":"","overlay-opacity":"","overlay-gradient":""}},"ast-content-background-meta":{"desktop":{"background-color":"var(--ast-global-color-5)","background-image":"","background-repeat":"repeat","background-position":"center center","background-size":"auto","background-attachment":"scroll","background-type":"","background-media":"","overlay-type":"","overlay-color":"","overlay-opacity":"","overlay-gradient":""},"tablet":{"background-color":"var(--ast-global-color-5)","background-image":"","background-repeat":"repeat","background-position":"center center","background-size":"auto","background-attachment":"scroll","background-type":"","background-media":"","overlay-type":"","overlay-color":"","overlay-opacity":"","overlay-gradient":""},"mobile":{"background-color":"var(--ast-global-color-5)","background-image":"","background-repeat":"repeat","background-position":"center center","background-size":"auto","background-attachment":"scroll","background-type":"","background-media":"","overlay-type":"","overlay-color":"","overlay-opacity":"","overlay-gradient":""}}},"pwb-brand":[],"product_brand":[],"product_cat":[6091,3600],"product_tag":[],"class_list":{"0":"post-92059","1":"product","2":"type-product","3":"status-publish","4":"has-post-thumbnail","6":"product_cat-collares-de-lactancia","7":"product_cat-para-la-mujer","8":"desktop-align-left","9":"tablet-align-left","10":"mobile-align-left","12":"first","13":"instock","14":"taxable","15":"shipping-taxable","16":"purchasable","17":"product-type-simple"},"acf":[],"yoast_head":"<!-- This site is optimized with the Yoast SEO Premium plugin v18.3 (Yoast SEO v27.4) - https:\/\/yoast.com\/product\/yoast-seo-premium-wordpress\/ -->\n<title>Collar de lactancia Nordic Rosa &#8212; Som Llavors<\/title>\n<meta name=\"description\" content=\"Collar de silicona alimentaria y madera de haya que ser\u00e1 tu gran aliado cuando tengas al beb\u00e9 en los brazos, dando el pecho o el biber\u00f3n. Sus colores y texturas le llamar\u00e1n la atenci\u00f3n y agarrarlo favorece el desarrollo de la psicomotricidad fina. Evitar\u00e1s tirones de pelo y ara\u00f1azos cuando tengas al beb\u00e9 en brazos.  El model Nordic combina les boletes de marbre amb un color rosa que el fa molt especial. Con la maternidad comienza una aventura llena de nuevas experiencias; algunas te las cuentan y otras muchas las vas descubriendo. Cuando das el pecho o el biber\u00f3n a tu beb\u00e9 ver\u00e1s c\u00f3mo le gusta tirarte del pelo, pellizcar y ara\u00f1arte el cuello y escote,... \u00bfY por qu\u00e9 lo hace? Esto se debe al reflejo involuntario de sujeci\u00f3n palmar. Desde su nacimiento, el beb\u00e9 quiere coger lo que tiene a su alcance de forma reflejada (te habr\u00e1s fijado en que cuando colocas tu dedo en su palma min\u00fascula, sus deditos la cogen).   &nbsp;\" \/>\n<meta name=\"robots\" content=\"index, follow, max-snippet:-1, max-image-preview:large, max-video-preview:-1\" \/>\n<link rel=\"canonical\" href=\"https:\/\/somllavors.com\/es\/producte\/collar-de-lactancia-nordic-rosa\" \/>\n<meta property=\"og:locale\" content=\"es_ES\" \/>\n<meta property=\"og:type\" content=\"article\" \/>\n<meta property=\"og:title\" content=\"Collar de lactancia Nordic Rosa\" \/>\n<meta property=\"og:description\" content=\"La teva botiga d\u2019ecocrian\u00e7a i espai d\u2019acompanyament a la maternitat\" \/>\n<meta property=\"og:url\" content=\"https:\/\/somllavors.com\/es\/producte\/collar-de-lactancia-nordic-rosa\" \/>\n<meta property=\"og:site_name\" content=\"Som Llavors\" \/>\n<meta property=\"article:publisher\" content=\"https:\/\/www.facebook.com\/somllavorsvng\/?locale=ca_ES\" \/>\n<meta property=\"og:image\" content=\"https:\/\/somllavors.com\/wp-content\/uploads\/2026\/04\/nordic-baby-pink.jpg\" \/>\n\t<meta property=\"og:image:width\" content=\"1200\" \/>\n\t<meta property=\"og:image:height\" content=\"1200\" \/>\n\t<meta property=\"og:image:type\" content=\"image\/jpeg\" \/>\n<meta name=\"twitter:card\" content=\"summary_large_image\" \/>\n<meta name=\"twitter:label1\" content=\"Precio\" \/>\n\t<meta name=\"twitter:data1\" content=\"18,00&euro; Iva incl\u00f2s\" \/>\n\t<meta name=\"twitter:label2\" content=\"Availability\" \/>\n\t<meta name=\"twitter:data2\" content=\"Hay existencias\" \/>\n<script type=\"application\/ld+json\" class=\"yoast-schema-graph\">{\"@context\":\"https:\\\/\\\/schema.org\",\"@graph\":[{\"@type\":\"WebPage\",\"@id\":\"https:\\\/\\\/somllavors.com\\\/es\\\/producte\\\/collar-de-lactancia-nordic-rosa\",\"url\":\"https:\\\/\\\/somllavors.com\\\/es\\\/producte\\\/collar-de-lactancia-nordic-rosa\",\"name\":\"Collar de lactancia Nordic Rosa &#8212; Som Llavors\",\"isPartOf\":{\"@id\":\"https:\\\/\\\/somllavors.com\\\/es#website\"},\"primaryImageOfPage\":{\"@id\":\"https:\\\/\\\/somllavors.com\\\/es\\\/producte\\\/collar-de-lactancia-nordic-rosa#primaryimage\"},\"image\":{\"@id\":\"https:\\\/\\\/somllavors.com\\\/es\\\/producte\\\/collar-de-lactancia-nordic-rosa#primaryimage\"},\"thumbnailUrl\":\"https:\\\/\\\/somllavors.com\\\/wp-content\\\/uploads\\\/2026\\\/04\\\/nordic-baby-pink.jpg\",\"datePublished\":\"2026-04-24T11:52:49+00:00\",\"description\":\"Collar de silicona alimentaria y madera de haya que ser\u00e1 tu gran aliado cuando tengas al beb\u00e9 en los brazos, dando el pecho o el biber\u00f3n. Sus colores y texturas le llamar\u00e1n la atenci\u00f3n y agarrarlo favorece el desarrollo de la psicomotricidad fina. Evitar\u00e1s tirones de pelo y ara\u00f1azos cuando tengas al beb\u00e9 en brazos. El model Nordic combina les boletes de marbre amb un color rosa que el fa molt especial. Con la maternidad comienza una aventura llena de nuevas experiencias; algunas te las cuentan y otras muchas las vas descubriendo. Cuando das el pecho o el biber\u00f3n a tu beb\u00e9 ver\u00e1s c\u00f3mo le gusta tirarte del pelo, pellizcar y ara\u00f1arte el cuello y escote,... \u00bfY por qu\u00e9 lo hace? Esto se debe al reflejo involuntario de sujeci\u00f3n palmar. Desde su nacimiento, el beb\u00e9 quiere coger lo que tiene a su alcance de forma reflejada (te habr\u00e1s fijado en que cuando colocas tu dedo en su palma min\u00fascula, sus deditos la cogen). &nbsp;\",\"breadcrumb\":{\"@id\":\"https:\\\/\\\/somllavors.com\\\/es\\\/producte\\\/collar-de-lactancia-nordic-rosa#breadcrumb\"},\"inLanguage\":\"es\",\"potentialAction\":[{\"@type\":\"ReadAction\",\"target\":[\"https:\\\/\\\/somllavors.com\\\/es\\\/producte\\\/collar-de-lactancia-nordic-rosa\"]}]},{\"@type\":\"ImageObject\",\"inLanguage\":\"es\",\"@id\":\"https:\\\/\\\/somllavors.com\\\/es\\\/producte\\\/collar-de-lactancia-nordic-rosa#primaryimage\",\"url\":\"https:\\\/\\\/somllavors.com\\\/wp-content\\\/uploads\\\/2026\\\/04\\\/nordic-baby-pink.jpg\",\"contentUrl\":\"https:\\\/\\\/somllavors.com\\\/wp-content\\\/uploads\\\/2026\\\/04\\\/nordic-baby-pink.jpg\",\"width\":1200,\"height\":1200,\"caption\":\"collaret lact\u00e0ncia panet i pernil nordic\"},{\"@type\":\"BreadcrumbList\",\"@id\":\"https:\\\/\\\/somllavors.com\\\/es\\\/producte\\\/collar-de-lactancia-nordic-rosa#breadcrumb\",\"itemListElement\":[{\"@type\":\"ListItem\",\"position\":1,\"name\":\"Inici\",\"item\":\"https:\\\/\\\/somllavors.com\\\/es\"},{\"@type\":\"ListItem\",\"position\":2,\"name\":\"Tienda\",\"item\":\"https:\\\/\\\/somllavors.com\\\/es\\\/botiga-2\"},{\"@type\":\"ListItem\",\"position\":3,\"name\":\"Collar de lactancia Nordic Rosa\"}]},{\"@type\":\"WebSite\",\"@id\":\"https:\\\/\\\/somllavors.com\\\/es#website\",\"url\":\"https:\\\/\\\/somllavors.com\\\/es\",\"name\":\"Som Llavors\",\"description\":\"Botiga de crian\u00e7a natural\",\"publisher\":{\"@id\":\"https:\\\/\\\/somllavors.com\\\/es#organization\"},\"alternateName\":\"Crian\u00e7a Natural i Sostenible\",\"potentialAction\":[{\"@type\":\"SearchAction\",\"target\":{\"@type\":\"EntryPoint\",\"urlTemplate\":\"https:\\\/\\\/somllavors.com\\\/es?s={search_term_string}\"},\"query-input\":{\"@type\":\"PropertyValueSpecification\",\"valueRequired\":true,\"valueName\":\"search_term_string\"}}],\"inLanguage\":\"es\"},{\"@type\":[\"Organization\",\"Place\",\"Store\"],\"@id\":\"https:\\\/\\\/somllavors.com\\\/es#organization\",\"name\":\"Som Llavors\",\"alternateName\":\"Crian\u00e7a Natural i Sostenible\",\"url\":\"https:\\\/\\\/somllavors.com\\\/es\",\"logo\":{\"@id\":\"https:\\\/\\\/somllavors.com\\\/es\\\/producte\\\/collar-de-lactancia-nordic-rosa#local-main-organization-logo\"},\"image\":{\"@id\":\"https:\\\/\\\/somllavors.com\\\/es\\\/producte\\\/collar-de-lactancia-nordic-rosa#local-main-organization-logo\"},\"sameAs\":[\"https:\\\/\\\/www.facebook.com\\\/somllavorsvng\\\/?locale=ca_ES\",\"https:\\\/\\\/www.instagram.com\\\/somllavors_vng\\\/\",\"https:\\\/\\\/www.youtube.com\\\/@somllavors\"],\"address\":{\"@id\":\"https:\\\/\\\/somllavors.com\\\/es\\\/producte\\\/collar-de-lactancia-nordic-rosa#local-main-place-address\"},\"geo\":{\"@type\":\"GeoCoordinates\",\"latitude\":\"41.2257737\",\"longitude\":\"1.723258859\"},\"telephone\":[\"623152704\"],\"openingHoursSpecification\":[{\"@type\":\"OpeningHoursSpecification\",\"dayOfWeek\":[\"Monday\",\"Sunday\"],\"opens\":\"00:00\",\"closes\":\"00:00\"},{\"@type\":\"OpeningHoursSpecification\",\"dayOfWeek\":[\"Tuesday\",\"Wednesday\",\"Thursday\",\"Friday\"],\"opens\":\"10:00\",\"closes\":\"20:00\"},{\"@type\":\"OpeningHoursSpecification\",\"dayOfWeek\":[\"Saturday\"],\"opens\":\"10:00\",\"closes\":\"13:30\"}],\"email\":\"info@somllavors.com\"},{\"@type\":\"PostalAddress\",\"@id\":\"https:\\\/\\\/somllavors.com\\\/es\\\/producte\\\/collar-de-lactancia-nordic-rosa#local-main-place-address\",\"streetAddress\":\"Carrer de l'aigua, 6\",\"addressLocality\":\"Vilanova i la Geltr\u00fa\",\"postalCode\":\"08800\",\"addressRegion\":\"Barcelona\",\"addressCountry\":\"ES\"},{\"@type\":\"ImageObject\",\"inLanguage\":\"es\",\"@id\":\"https:\\\/\\\/somllavors.com\\\/es\\\/producte\\\/collar-de-lactancia-nordic-rosa#local-main-organization-logo\",\"url\":\"https:\\\/\\\/somllavors.com\\\/wp-content\\\/uploads\\\/Logotip-Som-Llavors.jpg\",\"contentUrl\":\"https:\\\/\\\/somllavors.com\\\/wp-content\\\/uploads\\\/Logotip-Som-Llavors.jpg\",\"width\":1444,\"height\":1323,\"caption\":\"Som Llavors\"}]}<\/script>\n<meta property=\"product:price:amount\" content=\"18.00\" \/>\n<meta property=\"product:price:currency\" content=\"EUR\" \/>\n<meta property=\"og:availability\" content=\"instock\" \/>\n<meta property=\"product:availability\" content=\"instock\" \/>\n<meta property=\"product:condition\" content=\"new\" \/>\n<meta name=\"geo.placename\" content=\"Vilanova i la Geltr\u00fa\" \/>\n<meta name=\"geo.position\" content=\"41.2257737;1.723258859\" \/>\n<meta name=\"geo.region\" content=\"Espa\u00f1a\" \/>\n<!-- \/ Yoast SEO Premium plugin. -->","yoast_head_json":{"title":"Collar de lactancia Nordic Rosa &#8212; Som Llavors","description":"Collar de silicona alimentaria y madera de haya que ser\u00e1 tu gran aliado cuando tengas al beb\u00e9 en los brazos, dando el pecho o el biber\u00f3n. Sus colores y texturas le llamar\u00e1n la atenci\u00f3n y agarrarlo favorece el desarrollo de la psicomotricidad fina. Evitar\u00e1s tirones de pelo y ara\u00f1azos cuando tengas al beb\u00e9 en brazos.  El model Nordic combina les boletes de marbre amb un color rosa que el fa molt especial. Con la maternidad comienza una aventura llena de nuevas experiencias; algunas te las cuentan y otras muchas las vas descubriendo. Cuando das el pecho o el biber\u00f3n a tu beb\u00e9 ver\u00e1s c\u00f3mo le gusta tirarte del pelo, pellizcar y ara\u00f1arte el cuello y escote,... \u00bfY por qu\u00e9 lo hace? Esto se debe al reflejo involuntario de sujeci\u00f3n palmar. Desde su nacimiento, el beb\u00e9 quiere coger lo que tiene a su alcance de forma reflejada (te habr\u00e1s fijado en que cuando colocas tu dedo en su palma min\u00fascula, sus deditos la cogen).   &nbsp;","robots":{"index":"index","follow":"follow","max-snippet":"max-snippet:-1","max-image-preview":"max-image-preview:large","max-video-preview":"max-video-preview:-1"},"canonical":"https:\/\/somllavors.com\/es\/producte\/collar-de-lactancia-nordic-rosa","og_locale":"es_ES","og_type":"article","og_title":"Collar de lactancia Nordic Rosa","og_description":"La teva botiga d\u2019ecocrian\u00e7a i espai d\u2019acompanyament a la maternitat","og_url":"https:\/\/somllavors.com\/es\/producte\/collar-de-lactancia-nordic-rosa","og_site_name":"Som Llavors","article_publisher":"https:\/\/www.facebook.com\/somllavorsvng\/?locale=ca_ES","og_image":[{"width":1200,"height":1200,"url":"https:\/\/somllavors.com\/wp-content\/uploads\/2026\/04\/nordic-baby-pink.jpg","type":"image\/jpeg"}],"twitter_card":"summary_large_image","twitter_misc":{"Precio":"18,00&euro; Iva incl\u00f2s","Availability":"Hay existencias"},"schema":{"@context":"https:\/\/schema.org","@graph":[{"@type":"WebPage","@id":"https:\/\/somllavors.com\/es\/producte\/collar-de-lactancia-nordic-rosa","url":"https:\/\/somllavors.com\/es\/producte\/collar-de-lactancia-nordic-rosa","name":"Collar de lactancia Nordic Rosa &#8212; Som Llavors","isPartOf":{"@id":"https:\/\/somllavors.com\/es#website"},"primaryImageOfPage":{"@id":"https:\/\/somllavors.com\/es\/producte\/collar-de-lactancia-nordic-rosa#primaryimage"},"image":{"@id":"https:\/\/somllavors.com\/es\/producte\/collar-de-lactancia-nordic-rosa#primaryimage"},"thumbnailUrl":"https:\/\/somllavors.com\/wp-content\/uploads\/2026\/04\/nordic-baby-pink.jpg","datePublished":"2026-04-24T11:52:49+00:00","description":"Collar de silicona alimentaria y madera de haya que ser\u00e1 tu gran aliado cuando tengas al beb\u00e9 en los brazos, dando el pecho o el biber\u00f3n. Sus colores y texturas le llamar\u00e1n la atenci\u00f3n y agarrarlo favorece el desarrollo de la psicomotricidad fina. Evitar\u00e1s tirones de pelo y ara\u00f1azos cuando tengas al beb\u00e9 en brazos. El model Nordic combina les boletes de marbre amb un color rosa que el fa molt especial. Con la maternidad comienza una aventura llena de nuevas experiencias; algunas te las cuentan y otras muchas las vas descubriendo. Cuando das el pecho o el biber\u00f3n a tu beb\u00e9 ver\u00e1s c\u00f3mo le gusta tirarte del pelo, pellizcar y ara\u00f1arte el cuello y escote,... \u00bfY por qu\u00e9 lo hace? Esto se debe al reflejo involuntario de sujeci\u00f3n palmar. Desde su nacimiento, el beb\u00e9 quiere coger lo que tiene a su alcance de forma reflejada (te habr\u00e1s fijado en que cuando colocas tu dedo en su palma min\u00fascula, sus deditos la cogen). &nbsp;","breadcrumb":{"@id":"https:\/\/somllavors.com\/es\/producte\/collar-de-lactancia-nordic-rosa#breadcrumb"},"inLanguage":"es","potentialAction":[{"@type":"ReadAction","target":["https:\/\/somllavors.com\/es\/producte\/collar-de-lactancia-nordic-rosa"]}]},{"@type":"ImageObject","inLanguage":"es","@id":"https:\/\/somllavors.com\/es\/producte\/collar-de-lactancia-nordic-rosa#primaryimage","url":"https:\/\/somllavors.com\/wp-content\/uploads\/2026\/04\/nordic-baby-pink.jpg","contentUrl":"https:\/\/somllavors.com\/wp-content\/uploads\/2026\/04\/nordic-baby-pink.jpg","width":1200,"height":1200,"caption":"collaret lact\u00e0ncia panet i pernil nordic"},{"@type":"BreadcrumbList","@id":"https:\/\/somllavors.com\/es\/producte\/collar-de-lactancia-nordic-rosa#breadcrumb","itemListElement":[{"@type":"ListItem","position":1,"name":"Inici","item":"https:\/\/somllavors.com\/es"},{"@type":"ListItem","position":2,"name":"Tienda","item":"https:\/\/somllavors.com\/es\/botiga-2"},{"@type":"ListItem","position":3,"name":"Collar de lactancia Nordic Rosa"}]},{"@type":"WebSite","@id":"https:\/\/somllavors.com\/es#website","url":"https:\/\/somllavors.com\/es","name":"Som Llavors","description":"Botiga de crian\u00e7a natural","publisher":{"@id":"https:\/\/somllavors.com\/es#organization"},"alternateName":"Crian\u00e7a Natural i Sostenible","potentialAction":[{"@type":"SearchAction","target":{"@type":"EntryPoint","urlTemplate":"https:\/\/somllavors.com\/es?s={search_term_string}"},"query-input":{"@type":"PropertyValueSpecification","valueRequired":true,"valueName":"search_term_string"}}],"inLanguage":"es"},{"@type":["Organization","Place","Store"],"@id":"https:\/\/somllavors.com\/es#organization","name":"Som Llavors","alternateName":"Crian\u00e7a Natural i Sostenible","url":"https:\/\/somllavors.com\/es","logo":{"@id":"https:\/\/somllavors.com\/es\/producte\/collar-de-lactancia-nordic-rosa#local-main-organization-logo"},"image":{"@id":"https:\/\/somllavors.com\/es\/producte\/collar-de-lactancia-nordic-rosa#local-main-organization-logo"},"sameAs":["https:\/\/www.facebook.com\/somllavorsvng\/?locale=ca_ES","https:\/\/www.instagram.com\/somllavors_vng\/","https:\/\/www.youtube.com\/@somllavors"],"address":{"@id":"https:\/\/somllavors.com\/es\/producte\/collar-de-lactancia-nordic-rosa#local-main-place-address"},"geo":{"@type":"GeoCoordinates","latitude":"41.2257737","longitude":"1.723258859"},"telephone":["623152704","623152704"],"openingHoursSpecification":[{"@type":"OpeningHoursSpecification","dayOfWeek":["Monday","Sunday"],"opens":"00:00","closes":"00:00"},{"@type":"OpeningHoursSpecification","dayOfWeek":["Tuesday","Wednesday","Thursday","Friday"],"opens":"10:00","closes":"20:00"},{"@type":"OpeningHoursSpecification","dayOfWeek":["Saturday"],"opens":"10:00","closes":"13:30"}],"email":"info@somllavors.com"},{"@type":"PostalAddress","@id":"https:\/\/somllavors.com\/es\/producte\/collar-de-lactancia-nordic-rosa#local-main-place-address","streetAddress":"Carrer de l'aigua, 6","addressLocality":"Vilanova i la Geltr\u00fa","postalCode":"08800","addressRegion":"Barcelona","addressCountry":"ES"},{"@type":"ImageObject","inLanguage":"es","@id":"https:\/\/somllavors.com\/es\/producte\/collar-de-lactancia-nordic-rosa#local-main-organization-logo","url":"https:\/\/somllavors.com\/wp-content\/uploads\/Logotip-Som-Llavors.jpg","contentUrl":"https:\/\/somllavors.com\/wp-content\/uploads\/Logotip-Som-Llavors.jpg","width":1444,"height":1323,"caption":"Som Llavors"}]},"product_price_amount":"18.00","product_price_currency":"EUR","og_availability":"instock","product_availability":"instock","product_condition":"new","geo.placename":"Vilanova i la Geltr\u00fa","geo.position":{"lat":"41.2257737","long":"1.723258859"},"geo.region":"Espa\u00f1a"},"brands":[],"_links":{"self":[{"href":"https:\/\/somllavors.com\/es\/wp-json\/wp\/v2\/product\/92059","targetHints":{"allow":["GET"]}}],"collection":[{"href":"https:\/\/somllavors.com\/es\/wp-json\/wp\/v2\/product"}],"about":[{"href":"https:\/\/somllavors.com\/es\/wp-json\/wp\/v2\/types\/product"}],"wp:featuredmedia":[{"embeddable":true,"href":"https:\/\/somllavors.com\/es\/wp-json\/wp\/v2\/media\/91856"}],"wp:attachment":[{"href":"https:\/\/somllavors.com\/es\/wp-json\/wp\/v2\/media?parent=92059"}],"wp:term":[{"taxonomy":"pwb-brand","embeddable":true,"href":"https:\/\/somllavors.com\/es\/wp-json\/wp\/v2\/pwb-brand?post=92059"},{"taxonomy":"product_brand","embeddable":true,"href":"https:\/\/somllavors.com\/es\/wp-json\/wp\/v2\/product_brand?post=92059"},{"taxonomy":"product_cat","embeddable":true,"href":"https:\/\/somllavors.com\/es\/wp-json\/wp\/v2\/product_cat?post=92059"},{"taxonomy":"product_tag","embeddable":true,"href":"https:\/\/somllavors.com\/es\/wp-json\/wp\/v2\/product_tag?post=92059"}],"curies":[{"name":"wp","href":"https:\/\/api.w.org\/{rel}","templated":true}]}}